{"id":1454,"date":"2026-02-09T10:35:54","date_gmt":"2026-02-09T09:35:54","guid":{"rendered":"https:\/\/angry-villani.57-128-39-62.plesk.page\/?page_id=1454"},"modified":"2026-02-09T10:42:03","modified_gmt":"2026-02-09T09:42:03","slug":"programme-lux-dec-2025","status":"publish","type":"page","link":"https:\/\/dpo-forum.eu\/nl\/programme-lux-dec-2025\/","title":{"rendered":"Programme Lux Dec 2025"},"content":{"rendered":"<div data-elementor-type=\"wp-page\" data-elementor-id=\"1454\" class=\"elementor elementor-1454\" data-elementor-post-type=\"page\">\n\t\t\t\t<div data-particle_enable=\"false\" data-particle-mobile-disabled=\"false\" class=\"elementor-element elementor-element-e2cd33b e-flex e-con-boxed e-con e-parent\" data-id=\"e2cd33b\" data-element_type=\"container\" data-e-type=\"container\" data-settings=\"{&quot;background_background&quot;:&quot;classic&quot;}\">\n\t\t\t\t\t<div class=\"e-con-inner\">\n\t\t\t\t<div class=\"elementor-element elementor-element-41b8223 elementor-widget elementor-widget-heading\" data-id=\"41b8223\" data-element_type=\"widget\" data-e-type=\"widget\" data-widget_type=\"heading.default\">\n\t\t\t\t\t<h2 class=\"elementor-heading-title elementor-size-default\">Programma DPO Forum Luxemburg december 2025<\/h2>\t\t\t\t<\/div>\n\t\t\t\t<div class=\"elementor-element elementor-element-ab34eb6 elementor-widget elementor-widget-n-accordion\" data-id=\"ab34eb6\" data-element_type=\"widget\" data-e-type=\"widget\" data-settings=\"{&quot;default_state&quot;:&quot;all_collapsed&quot;,&quot;max_items_expended&quot;:&quot;multiple&quot;,&quot;n_accordion_animation_duration&quot;:{&quot;unit&quot;:&quot;ms&quot;,&quot;size&quot;:400,&quot;sizes&quot;:[]}}\" data-widget_type=\"nested-accordion.default\">\n\t\t\t\t\t\t\t<div class=\"e-n-accordion\" aria-label=\"Accordeon. Links openen met Enter of Spatie, sluiten met Escape en navigeren met Pijltjestoetsen\">\n\t\t\t\t\t\t<details id=\"e-n-accordion-item-1790\" class=\"e-n-accordion-item\" >\n\t\t\t\t<summary class=\"e-n-accordion-item-title\" data-accordion-index=\"1\" tabindex=\"0\" aria-expanded=\"false\" aria-controls=\"e-n-accordion-item-1790\" >\n\t\t\t\t\t<span class='e-n-accordion-item-title-header'><h4 class=\"e-n-accordion-item-title-text\"> 8.30 - 9.00 uur: Welkomstkoffie <\/h4><\/span>\n\t\t\t\t\t\t\t<span class='e-n-accordion-item-title-icon'>\n\t\t\t<span class='e-opened' ><i aria-hidden=\"true\" class=\"fas fa-chevron-up\"><\/i><\/span>\n\t\t\t<span class='e-closed'><i aria-hidden=\"true\" class=\"fas fa-chevron-down\"><\/i><\/span>\n\t\t<\/span>\n\n\t\t\t\t\t\t<\/summary>\n\t\t\t\t<div data-particle_enable=\"false\" data-particle-mobile-disabled=\"false\" role=\"region\" aria-labelledby=\"e-n-accordion-item-1790\" class=\"elementor-element elementor-element-c6a5e6a e-con-full e-flex e-con e-child\" data-id=\"c6a5e6a\" data-element_type=\"container\" data-e-type=\"container\" data-settings=\"{&quot;background_background&quot;:&quot;classic&quot;}\">\n\t\t\t\t<div class=\"elementor-element elementor-element-6a27e45 elementor-widget elementor-widget-text-editor\" data-id=\"6a27e45\" data-element_type=\"widget\" data-e-type=\"widget\" data-widget_type=\"text-editor.default\">\n\t\t\t\t\t\t\t\t\t<p>Koffie en ontbijt<\/p>\t\t\t\t\t\t\t\t<\/div>\n\t\t\t\t<\/div>\n\t\t\t\t\t<\/details>\n\t\t\t\t\t\t<details id=\"e-n-accordion-item-1791\" class=\"e-n-accordion-item\" >\n\t\t\t\t<summary class=\"e-n-accordion-item-title\" data-accordion-index=\"2\" tabindex=\"-1\" aria-expanded=\"false\" aria-controls=\"e-n-accordion-item-1791\" >\n\t\t\t\t\t<span class='e-n-accordion-item-title-header'><h4 class=\"e-n-accordion-item-title-text\"> 9u00 - 9u30 : Keynote : Tine A. Larson - CNPD <\/h4><\/span>\n\t\t\t\t\t\t\t<span class='e-n-accordion-item-title-icon'>\n\t\t\t<span class='e-opened' ><i aria-hidden=\"true\" class=\"fas fa-chevron-up\"><\/i><\/span>\n\t\t\t<span class='e-closed'><i aria-hidden=\"true\" class=\"fas fa-chevron-down\"><\/i><\/span>\n\t\t<\/span>\n\n\t\t\t\t\t\t<\/summary>\n\t\t\t\t<div data-particle_enable=\"false\" data-particle-mobile-disabled=\"false\" role=\"region\" aria-labelledby=\"e-n-accordion-item-1791\" class=\"elementor-element elementor-element-1e0496f e-con-full e-flex e-con e-child\" data-id=\"1e0496f\" data-element_type=\"container\" data-e-type=\"container\" data-settings=\"{&quot;background_background&quot;:&quot;classic&quot;}\">\n\t\t\t\t<div class=\"elementor-element elementor-element-75ecaa8 elementor-widget elementor-widget-text-editor\" data-id=\"75ecaa8\" data-element_type=\"widget\" data-e-type=\"widget\" data-widget_type=\"text-editor.default\">\n\t\t\t\t\t\t\t\t\t<p><em><strong><a href=\"https:\/\/dpo-forum.eu\/wp-content\/uploads\/2025\/12\/DPO_Forum-20251211_Protection-people_Driving-Innovation_CNPD.pdf\">CNPD -Power Point<\/a>\u00a0<\/strong><\/em><\/p><p><em><strong>\u00ab\u00a0<span class=\"a_GcMg font-feature-liga-off font-feature-clig-off font-feature-calt-off text-decoration-none text-strikethrough-none\">Mensen beschermen, innovatie bevorderen: de visie van de regelgever op AI<\/span>\u00bb<\/strong><\/em><\/p><ul><li><span class=\"a_GcMg font-feature-liga-off font-feature-clig-off font-feature-calt-off text-decoration-none text-strikethrough-none\">De transformerende impact van Kunstmatige Intelligentie op de samenleving en de economie.<\/span><\/li><li><span class=\"a_GcMg font-feature-liga-off font-feature-clig-off font-feature-calt-off text-decoration-none text-strikethrough-none\">Regelgeving als basis, niet als barri\u00e8re - verantwoorde innovatie mogelijk maken.<\/span><\/li><li><span class=\"a_GcMg font-feature-liga-off font-feature-clig-off font-feature-calt-off text-decoration-none text-strikethrough-none\">De dubbele missie van de CNPD: individuen beschermen en juridische duidelijkheid bieden aan bedrijven.<\/span><\/li><li><span class=\"a_GcMg font-feature-liga-off font-feature-clig-off font-feature-calt-off text-decoration-none text-strikethrough-none\">De rol van de toezichthoudende autoriteit om naleving te begeleiden, te ondersteunen en af te dwingen.<\/span><\/li><li><span class=\"a_GcMg font-feature-liga-off font-feature-clig-off font-feature-calt-off text-decoration-none text-strikethrough-none\">Bouwen aan een digitale toekomst waarin vertrouwen, rechten en innovatie naast elkaar bestaan binnen duidelijke en eerlijke regels.<\/span><\/li><\/ul><p><em><strong>Tine A. Larsen- Voorzitter van CNPD<\/strong><\/em><\/p>\t\t\t\t\t\t\t\t<\/div>\n\t\t\t\t<\/div>\n\t\t\t\t\t<\/details>\n\t\t\t\t\t\t<details id=\"e-n-accordion-item-1792\" class=\"e-n-accordion-item\" >\n\t\t\t\t<summary class=\"e-n-accordion-item-title\" data-accordion-index=\"3\" tabindex=\"-1\" aria-expanded=\"false\" aria-controls=\"e-n-accordion-item-1792\" >\n\t\t\t\t\t<span class='e-n-accordion-item-title-header'><h4 class=\"e-n-accordion-item-title-text\"> 9.30 - 10.00 uur: DASTRA-conferentie <\/h4><\/span>\n\t\t\t\t\t\t\t<span class='e-n-accordion-item-title-icon'>\n\t\t\t<span class='e-opened' ><i aria-hidden=\"true\" class=\"fas fa-chevron-up\"><\/i><\/span>\n\t\t\t<span class='e-closed'><i aria-hidden=\"true\" class=\"fas fa-chevron-down\"><\/i><\/span>\n\t\t<\/span>\n\n\t\t\t\t\t\t<\/summary>\n\t\t\t\t<div data-particle_enable=\"false\" data-particle-mobile-disabled=\"false\" role=\"region\" aria-labelledby=\"e-n-accordion-item-1792\" class=\"elementor-element elementor-element-fa0942c e-con-full e-flex e-con e-child\" data-id=\"fa0942c\" data-element_type=\"container\" data-e-type=\"container\" data-settings=\"{&quot;background_background&quot;:&quot;classic&quot;}\">\n\t\t\t\t<div class=\"elementor-element elementor-element-1ec586b elementor-widget elementor-widget-text-editor\" data-id=\"1ec586b\" data-element_type=\"widget\" data-e-type=\"widget\" data-widget_type=\"text-editor.default\">\n\t\t\t\t\t\t\t\t\t<p>Spreker:\u00a0<b><span lang=\"FR\">J\u00e9r\u00f4me de Mercey (<\/span><\/b><b><span lang=\"FR\">COO &amp; medeoprichter van Dastra)<\/span><\/b><\/p><div><p><strong>Titel van de conferentie :\u00a0<em>Digitale omnibus: wat mogen functionarissen voor gegevensbescherming verwachten?<\/em><\/strong><\/p><\/div><p>De ontwerpverordening voor de digitale omnibus herschikt de kaarten op het gebied van Europese digitale compliance. Door het vereenvoudigen van de RGPD, het convergeren met de AI Act en de Data Act, het introduceren van een nieuw breach notification regime en het harmoniseren van DPIA modellen, zal deze tekst het dagelijkse leven van DPO's veranderen.<\/p><p>Deze sessie biedt een duidelijk en operationeel inzicht in de belangrijkste veranderingen: persoonsgegevens, individuele rechten, cookies, cyberbeveiliging, AI, enz. en de praktische stappen die u nu kunt nemen om uw organisatie voor te bereiden op dit nieuwe kader.<\/p><p>Deze conferentie is essentieel als je de werkelijke impact van de Omnibus wilt begrijpen en een stap voor wilt blijven.<\/p><p>Het ontwerp voor de Europese \u00abDigital Omnibus\u00bb verordening herschikt de kaarten als het gaat om digitale compliance. Door het vereenvoudigen van de RGPD, het convergeren met de AI Act en de Data Act, het introduceren van een nieuw breach notification regime en het harmoniseren van DPIA modellen, zal deze tekst het dagelijkse leven van DPO's veranderen.<\/p><p>Deze sessie biedt een duidelijk en operationeel inzicht in de belangrijkste veranderingen: persoonsgegevens, individuele rechten, cookies, cyberbeveiliging, AI, enz. en de praktische stappen die u nu kunt nemen om uw organisatie voor te bereiden op dit nieuwe kader.<\/p>\t\t\t\t\t\t\t\t<\/div>\n\t\t\t\t<\/div>\n\t\t\t\t\t<\/details>\n\t\t\t\t\t\t<details id=\"e-n-accordion-item-1793\" class=\"e-n-accordion-item\" >\n\t\t\t\t<summary class=\"e-n-accordion-item-title\" data-accordion-index=\"4\" tabindex=\"-1\" aria-expanded=\"false\" aria-controls=\"e-n-accordion-item-1793\" >\n\t\t\t\t\t<span class='e-n-accordion-item-title-header'><h4 class=\"e-n-accordion-item-title-text\"> 10.00 - 10.30 uur: LUXGAP conferentie <\/h4><\/span>\n\t\t\t\t\t\t\t<span class='e-n-accordion-item-title-icon'>\n\t\t\t<span class='e-opened' ><i aria-hidden=\"true\" class=\"fas fa-chevron-up\"><\/i><\/span>\n\t\t\t<span class='e-closed'><i aria-hidden=\"true\" class=\"fas fa-chevron-down\"><\/i><\/span>\n\t\t<\/span>\n\n\t\t\t\t\t\t<\/summary>\n\t\t\t\t<div data-particle_enable=\"false\" data-particle-mobile-disabled=\"false\" role=\"region\" aria-labelledby=\"e-n-accordion-item-1793\" class=\"elementor-element elementor-element-57de09a e-con-full e-flex e-con e-child\" data-id=\"57de09a\" data-element_type=\"container\" data-e-type=\"container\" data-settings=\"{&quot;background_background&quot;:&quot;classic&quot;}\">\n\t\t\t\t<div class=\"elementor-element elementor-element-b08d330 elementor-widget elementor-widget-text-editor\" data-id=\"b08d330\" data-element_type=\"widget\" data-e-type=\"widget\" data-widget_type=\"text-editor.default\">\n\t\t\t\t\t\t\t\t\t<p>Spreker:\u00a0<strong><span class=\"a_GcMg font-feature-liga-off font-feature-clig-off font-feature-calt-off text-decoration-none text-strikethrough-none\">Julien Winkin (CEO Luxgap)<\/span><\/strong><\/p><p><a href=\"https:\/\/dpo-forum.eu\/wp-content\/uploads\/2025\/12\/NIS2-RGPD-et-IA-Act-proteger-innover-rester-competitif.pptx\">Luxgap Power Point<\/a><\/p><p>Titel van de conferentie:\u00a0<em><strong><span class=\"a_GcMg font-feature-liga-off font-feature-clig-off font-feature-calt-off text-decoration-none text-strikethrough-none\">\u201cNIS2, RGPD en AI: compliance, veiligheid en innovatie combineren zonder de groei af te remmen\u00bb<\/span><\/strong><\/em><\/p><p>Tussen NIS2, RGPD en de AI-wet zijn bedrijven op zoek naar een balans tussen compliance, innovatie en prestaties. Deze conferentie laat zien hoe je de DPO- en CISO-functies kunt verenigen om tegelijkertijd beveiliging, governance en verantwoorde AI te beheren, zonder de groei te vertragen. Een pragmatische aanpak, gebaseerd op bedrijfscontinu\u00efteit en samenwerking, om beperkingen om te zetten in concurrentievoordelen.<\/p>\t\t\t\t\t\t\t\t<\/div>\n\t\t\t\t<\/div>\n\t\t\t\t\t<\/details>\n\t\t\t\t\t\t<details id=\"e-n-accordion-item-1794\" class=\"e-n-accordion-item\" >\n\t\t\t\t<summary class=\"e-n-accordion-item-title\" data-accordion-index=\"5\" tabindex=\"-1\" aria-expanded=\"false\" aria-controls=\"e-n-accordion-item-1794\" >\n\t\t\t\t\t<span class='e-n-accordion-item-title-header'><h4 class=\"e-n-accordion-item-title-text\"> 10.30 - 11.00 uur: ADPL-conferentie <\/h4><\/span>\n\t\t\t\t\t\t\t<span class='e-n-accordion-item-title-icon'>\n\t\t\t<span class='e-opened' ><i aria-hidden=\"true\" class=\"fas fa-chevron-up\"><\/i><\/span>\n\t\t\t<span class='e-closed'><i aria-hidden=\"true\" class=\"fas fa-chevron-down\"><\/i><\/span>\n\t\t<\/span>\n\n\t\t\t\t\t\t<\/summary>\n\t\t\t\t<div data-particle_enable=\"false\" data-particle-mobile-disabled=\"false\" role=\"region\" aria-labelledby=\"e-n-accordion-item-1794\" class=\"elementor-element elementor-element-7e4ebfb e-con-full e-flex e-con e-child\" data-id=\"7e4ebfb\" data-element_type=\"container\" data-e-type=\"container\" data-settings=\"{&quot;background_background&quot;:&quot;classic&quot;}\">\n\t\t\t\t<div class=\"elementor-element elementor-element-1876097 elementor-widget elementor-widget-text-editor\" data-id=\"1876097\" data-element_type=\"widget\" data-e-type=\"widget\" data-widget_type=\"text-editor.default\">\n\t\t\t\t\t\t\t\t\t<p>Michael Hofmann (Voorzitter APDL)<\/p><p>\u00abAl - levenslange invloed op privacy\u00bb<\/p><p class=\"cvGsUA direction-ltr align-center para-style-body\"><span class=\"a_GcMg font-feature-liga-off font-feature-clig-off font-feature-calt-off text-decoration-none text-strikethrough-none\">AI in GDPR blijft een uitdaging, modellen evolueren snel en praktische toepassingen ontwikkelen zich exponentieel in bedrijfsomgevingen.<\/span><\/p><p class=\"cvGsUA direction-ltr align-center para-style-body\"><span class=\"a_GcMg font-feature-liga-off font-feature-clig-off font-feature-calt-off text-decoration-none text-strikethrough-none\">Daarom is het voor velen moeilijk om de evolutie van AI-modellen bij te houden en tegelijkertijd een evenwicht te vinden tussen risico's en steeds toenemende effici\u00ebntiewinsten.<\/span><\/p><p class=\"cvGsUA direction-ltr align-center para-style-body\"><span class=\"a_GcMg font-feature-liga-off font-feature-clig-off font-feature-calt-off text-decoration-none text-strikethrough-none\">Bedrijven hebben echter mogelijkheden om methodologie\u00ebn en tools te gebruiken om een redelijk veilige reis door de AI-levenscyclus te maken.<\/span><\/p>\t\t\t\t\t\t\t\t<\/div>\n\t\t\t\t<\/div>\n\t\t\t\t\t<\/details>\n\t\t\t\t\t\t<details id=\"e-n-accordion-item-1795\" class=\"e-n-accordion-item\" >\n\t\t\t\t<summary class=\"e-n-accordion-item-title\" data-accordion-index=\"6\" tabindex=\"-1\" aria-expanded=\"false\" aria-controls=\"e-n-accordion-item-1795\" >\n\t\t\t\t\t<span class='e-n-accordion-item-title-header'><h4 class=\"e-n-accordion-item-title-text\"> 11.00 - 11.30 uur: Koffiepauze en netwerken <\/h4><\/span>\n\t\t\t\t\t\t\t<span class='e-n-accordion-item-title-icon'>\n\t\t\t<span class='e-opened' ><i aria-hidden=\"true\" class=\"fas fa-chevron-up\"><\/i><\/span>\n\t\t\t<span class='e-closed'><i aria-hidden=\"true\" class=\"fas fa-chevron-down\"><\/i><\/span>\n\t\t<\/span>\n\n\t\t\t\t\t\t<\/summary>\n\t\t\t\t<div data-particle_enable=\"false\" data-particle-mobile-disabled=\"false\" role=\"region\" aria-labelledby=\"e-n-accordion-item-1795\" class=\"elementor-element elementor-element-e03a0b1 e-con-full e-flex e-con e-child\" data-id=\"e03a0b1\" data-element_type=\"container\" data-e-type=\"container\" data-settings=\"{&quot;background_background&quot;:&quot;classic&quot;}\">\n\t\t\t\t<\/div>\n\t\t\t\t\t<\/details>\n\t\t\t\t\t\t<details id=\"e-n-accordion-item-1796\" class=\"e-n-accordion-item\" >\n\t\t\t\t<summary class=\"e-n-accordion-item-title\" data-accordion-index=\"7\" tabindex=\"-1\" aria-expanded=\"false\" aria-controls=\"e-n-accordion-item-1796\" >\n\t\t\t\t\t<span class='e-n-accordion-item-title-header'><h4 class=\"e-n-accordion-item-title-text\"> 11.30 - 12.00 uur: LUSIS-conferentie <\/h4><\/span>\n\t\t\t\t\t\t\t<span class='e-n-accordion-item-title-icon'>\n\t\t\t<span class='e-opened' ><i aria-hidden=\"true\" class=\"fas fa-chevron-up\"><\/i><\/span>\n\t\t\t<span class='e-closed'><i aria-hidden=\"true\" class=\"fas fa-chevron-down\"><\/i><\/span>\n\t\t<\/span>\n\n\t\t\t\t\t\t<\/summary>\n\t\t\t\t<div data-particle_enable=\"false\" data-particle-mobile-disabled=\"false\" role=\"region\" aria-labelledby=\"e-n-accordion-item-1796\" class=\"elementor-element elementor-element-09ce90f e-con-full e-flex e-con e-child\" data-id=\"09ce90f\" data-element_type=\"container\" data-e-type=\"container\" data-settings=\"{&quot;background_background&quot;:&quot;classic&quot;}\">\n\t\t\t\t<div class=\"elementor-element elementor-element-efbddc9 elementor-widget elementor-widget-text-editor\" data-id=\"efbddc9\" data-element_type=\"widget\" data-e-type=\"widget\" data-widget_type=\"text-editor.default\">\n\t\t\t\t\t\t\t\t\t<p><b>Spreker : NASSOY St\u00e9phane (DPO)<\/b><\/p><p><a href=\"https:\/\/dpo-forum.eu\/wp-content\/uploads\/2025\/12\/dynamique-DPO-IA-1.pptx\">Lusis Power Point<\/a><\/p><p><b>Titel van de conferentie :<\/b>\u00a0<em><strong>De DPO in het tijdperk van kunstmatige intelligentie: een veranderend beroep<\/strong><\/em><\/p><p>Deze conferentie verkent de radicale transformatie van de rol van de functionaris voor gegevensbescherming.<\/p><p>Gegevens met het oog op de opkomst van AI in organisaties.<\/p><p>De traditionele DPO, die zich richt op wettelijke en administratieve naleving van de RGPD, moet<\/p><p>complexe technische problemen onder de knie te krijgen.<\/p><p>AI-systemen (machinaal leren, voorspellende algoritmen, LLM) introduceren nieuwe risico's<\/p><p>:<\/p><p>- ondoorzichtige besluitvorming,<\/p><p>- discriminerend vooroordeel,<\/p><p>- heridentificatie van geanonimiseerde gegevens, en<\/p><p>- hallucinaties die trainingsgegevens onthullen.<\/p><p>AI activeert systematisch de meest veeleisende RGPD-mechanismen:<\/p><p>- verplichte effectbeoordelingen (art. 35),<\/p><p>- strikt toezicht op geautomatiseerde besluiten (art. 22),<\/p><p>- sterkere garanties voor de uitoefening van rechten.<\/p><p>De DPO wordt een permanente speler in de validatie van innovatieprojecten.<\/p>\t\t\t\t\t\t\t\t<\/div>\n\t\t\t\t<\/div>\n\t\t\t\t\t<\/details>\n\t\t\t\t\t\t<details id=\"e-n-accordion-item-1797\" class=\"e-n-accordion-item\" >\n\t\t\t\t<summary class=\"e-n-accordion-item-title\" data-accordion-index=\"8\" tabindex=\"-1\" aria-expanded=\"false\" aria-controls=\"e-n-accordion-item-1797\" >\n\t\t\t\t\t<span class='e-n-accordion-item-title-header'><h4 class=\"e-n-accordion-item-title-text\"> 12:30 - 14:00: Lunch en netwerken <\/h4><\/span>\n\t\t\t\t\t\t\t<span class='e-n-accordion-item-title-icon'>\n\t\t\t<span class='e-opened' ><i aria-hidden=\"true\" class=\"fas fa-chevron-up\"><\/i><\/span>\n\t\t\t<span class='e-closed'><i aria-hidden=\"true\" class=\"fas fa-chevron-down\"><\/i><\/span>\n\t\t<\/span>\n\n\t\t\t\t\t\t<\/summary>\n\t\t\t\t<div data-particle_enable=\"false\" data-particle-mobile-disabled=\"false\" role=\"region\" aria-labelledby=\"e-n-accordion-item-1797\" class=\"elementor-element elementor-element-2b0b720 e-con-full e-flex e-con e-child\" data-id=\"2b0b720\" data-element_type=\"container\" data-e-type=\"container\" data-settings=\"{&quot;background_background&quot;:&quot;classic&quot;}\">\n\t\t\t\t<\/div>\n\t\t\t\t\t<\/details>\n\t\t\t\t\t\t<details id=\"e-n-accordion-item-1798\" class=\"e-n-accordion-item\" >\n\t\t\t\t<summary class=\"e-n-accordion-item-title\" data-accordion-index=\"9\" tabindex=\"-1\" aria-expanded=\"false\" aria-controls=\"e-n-accordion-item-1798\" >\n\t\t\t\t\t<span class='e-n-accordion-item-title-header'><h4 class=\"e-n-accordion-item-title-text\"> 14.00 - 14.45 uur: Ronde tafel  <\/h4><\/span>\n\t\t\t\t\t\t\t<span class='e-n-accordion-item-title-icon'>\n\t\t\t<span class='e-opened' ><i aria-hidden=\"true\" class=\"fas fa-chevron-up\"><\/i><\/span>\n\t\t\t<span class='e-closed'><i aria-hidden=\"true\" class=\"fas fa-chevron-down\"><\/i><\/span>\n\t\t<\/span>\n\n\t\t\t\t\t\t<\/summary>\n\t\t\t\t<div data-particle_enable=\"false\" data-particle-mobile-disabled=\"false\" role=\"region\" aria-labelledby=\"e-n-accordion-item-1798\" class=\"elementor-element elementor-element-5abd3ef e-flex e-con-boxed e-con e-child\" data-id=\"5abd3ef\" data-element_type=\"container\" data-e-type=\"container\" data-settings=\"{&quot;background_background&quot;:&quot;classic&quot;}\">\n\t\t\t\t\t<div class=\"e-con-inner\">\n\t\t\t\t<div class=\"elementor-element elementor-element-45aa9a1 elementor-widget elementor-widget-text-editor\" data-id=\"45aa9a1\" data-element_type=\"widget\" data-e-type=\"widget\" data-widget_type=\"text-editor.default\">\n\t\t\t\t\t\t\t\t\t<p>Moderator: Fabrice Hecquet (CEO CyberXpert)<\/p><p><strong><em><span class=\"a_GcMg font-feature-liga-off font-feature-clig-off font-feature-calt-off text-decoration-none text-strikethrough-none\">Omnibusverordening: moeten we anticiperen op de komende veranderingen?<\/span><\/em><\/strong><\/p><p>\u00a0<\/p><ul><li><span class=\"a_GcMg font-feature-liga-off font-feature-clig-off font-feature-calt-off text-decoration-none text-strikethrough-none\">De echte impact: wat zijn de praktische gevolgen voor bedrijven en burgers?<\/span><\/li><li><span class=\"a_GcMg font-feature-liga-off font-feature-clig-off font-feature-calt-off text-decoration-none text-strikethrough-none\">De begunstigden: wie zal echt profiteren van deze veranderingen?<\/span><\/li><li><span class=\"a_GcMg font-feature-liga-off font-feature-clig-off font-feature-calt-off text-decoration-none text-strikethrough-none\">Vereenvoudiging van de regelgeving: is het echt nodig of slechts een voorwendsel?<\/span><\/li><\/ul>\t\t\t\t\t\t\t\t<\/div>\n\t\t\t\t\t<\/div>\n\t\t\t\t<\/div>\n\t\t\t\t\t<\/details>\n\t\t\t\t\t\t<details id=\"e-n-accordion-item-1799\" class=\"e-n-accordion-item\" >\n\t\t\t\t<summary class=\"e-n-accordion-item-title\" data-accordion-index=\"10\" tabindex=\"-1\" aria-expanded=\"false\" aria-controls=\"e-n-accordion-item-1799\" >\n\t\t\t\t\t<span class='e-n-accordion-item-title-header'><h4 class=\"e-n-accordion-item-title-text\"> 15.00 uur: Afsluiting en netwerken <\/h4><\/span>\n\t\t\t\t\t\t\t<span class='e-n-accordion-item-title-icon'>\n\t\t\t<span class='e-opened' ><i aria-hidden=\"true\" class=\"fas fa-chevron-up\"><\/i><\/span>\n\t\t\t<span class='e-closed'><i aria-hidden=\"true\" class=\"fas fa-chevron-down\"><\/i><\/span>\n\t\t<\/span>\n\n\t\t\t\t\t\t<\/summary>\n\t\t\t\t<div data-particle_enable=\"false\" data-particle-mobile-disabled=\"false\" role=\"region\" aria-labelledby=\"e-n-accordion-item-1799\" class=\"elementor-element elementor-element-324e659 e-flex e-con-boxed e-con e-child\" data-id=\"324e659\" data-element_type=\"container\" data-e-type=\"container\" data-settings=\"{&quot;background_background&quot;:&quot;classic&quot;}\">\n\t\t\t\t\t<div class=\"e-con-inner\">\n\t\t\t\t\t<\/div>\n\t\t\t\t<\/div>\n\t\t\t\t\t<\/details>\n\t\t\t\t\t<\/div>\n\t\t\t\t\t\t<\/div>\n\t\t\t\t\t<\/div>\n\t\t\t\t<\/div>\n\t\t\t\t<\/div>","protected":false},"excerpt":{"rendered":"<p>Programme DPO Forum Luxembourg D\u00e9cembre 2025 8h30 &#8211; 9h00 : Caf\u00e9 de bienvenue Caf\u00e9 et petit-d\u00e9jeuner d&rsquo;accueil 9h00 &#8211; 9h30 : Keynote : Tine A. Larson &#8211; CNPD CNPD -Power Point\u00a0 \u00ab\u00a0Protecting People, Empowering Innovation: The Regulator\u2019s Vision for AI\u00bb The transformative impact of Artificial Intelligence on society and the economy. Regulation as a foundation, [&hellip;]<\/p>\n","protected":false},"author":1,"featured_media":0,"parent":0,"menu_order":0,"comment_status":"closed","ping_status":"closed","template":"","meta":{"footnotes":""},"class_list":["post-1454","page","type-page","status-publish","hentry"],"_links":{"self":[{"href":"https:\/\/dpo-forum.eu\/nl\/wp-json\/wp\/v2\/pages\/1454","targetHints":{"allow":["GET"]}}],"collection":[{"href":"https:\/\/dpo-forum.eu\/nl\/wp-json\/wp\/v2\/pages"}],"about":[{"href":"https:\/\/dpo-forum.eu\/nl\/wp-json\/wp\/v2\/types\/page"}],"author":[{"embeddable":true,"href":"https:\/\/dpo-forum.eu\/nl\/wp-json\/wp\/v2\/users\/1"}],"replies":[{"embeddable":true,"href":"https:\/\/dpo-forum.eu\/nl\/wp-json\/wp\/v2\/comments?post=1454"}],"version-history":[{"count":4,"href":"https:\/\/dpo-forum.eu\/nl\/wp-json\/wp\/v2\/pages\/1454\/revisions"}],"predecessor-version":[{"id":1458,"href":"https:\/\/dpo-forum.eu\/nl\/wp-json\/wp\/v2\/pages\/1454\/revisions\/1458"}],"wp:attachment":[{"href":"https:\/\/dpo-forum.eu\/nl\/wp-json\/wp\/v2\/media?parent=1454"}],"curies":[{"name":"wp","href":"https:\/\/api.w.org\/{rel}","templated":true}]}}