{"id":1290,"date":"2026-02-03T15:23:59","date_gmt":"2026-02-03T14:23:59","guid":{"rendered":"https:\/\/angry-villani.57-128-39-62.plesk.page\/?page_id=1290"},"modified":"2026-02-03T15:35:10","modified_gmt":"2026-02-03T14:35:10","slug":"programme-lyon-2024","status":"publish","type":"page","link":"https:\/\/dpo-forum.eu\/nl\/programme-lyon-2024\/","title":{"rendered":"Programme Lyon 2024"},"content":{"rendered":"<div data-elementor-type=\"wp-page\" data-elementor-id=\"1290\" class=\"elementor elementor-1290\" data-elementor-post-type=\"page\">\n\t\t\t\t<div data-particle_enable=\"false\" data-particle-mobile-disabled=\"false\" class=\"elementor-element elementor-element-5571218 e-flex e-con-boxed e-con e-parent\" data-id=\"5571218\" data-element_type=\"container\" data-e-type=\"container\" data-settings=\"{&quot;background_background&quot;:&quot;classic&quot;}\">\n\t\t\t\t\t<div class=\"e-con-inner\">\n\t\t\t\t<div class=\"elementor-element elementor-element-b266356 elementor-widget elementor-widget-heading\" data-id=\"b266356\" data-element_type=\"widget\" data-e-type=\"widget\" data-widget_type=\"heading.default\">\n\t\t\t\t\t<h2 class=\"elementor-heading-title elementor-size-default\">Programma DPO Forum Lyon 2024<\/h2>\t\t\t\t<\/div>\n\t\t\t\t<div class=\"elementor-element elementor-element-502e7fd elementor-widget elementor-widget-n-accordion\" data-id=\"502e7fd\" data-element_type=\"widget\" data-e-type=\"widget\" data-settings=\"{&quot;default_state&quot;:&quot;all_collapsed&quot;,&quot;max_items_expended&quot;:&quot;multiple&quot;,&quot;n_accordion_animation_duration&quot;:{&quot;unit&quot;:&quot;ms&quot;,&quot;size&quot;:400,&quot;sizes&quot;:[]}}\" data-widget_type=\"nested-accordion.default\">\n\t\t\t\t\t\t\t<div class=\"e-n-accordion\" aria-label=\"Accordeon. Links openen met Enter of Spatie, sluiten met Escape en navigeren met Pijltjestoetsen\">\n\t\t\t\t\t\t<details id=\"e-n-accordion-item-8400\" class=\"e-n-accordion-item\" >\n\t\t\t\t<summary class=\"e-n-accordion-item-title\" data-accordion-index=\"1\" tabindex=\"0\" aria-expanded=\"false\" aria-controls=\"e-n-accordion-item-8400\" >\n\t\t\t\t\t<span class='e-n-accordion-item-title-header'><h4 class=\"e-n-accordion-item-title-text\"> 8.30 - 9.00 uur: Welkomstkoffie <\/h4><\/span>\n\t\t\t\t\t\t\t<span class='e-n-accordion-item-title-icon'>\n\t\t\t<span class='e-opened' ><i aria-hidden=\"true\" class=\"fas fa-chevron-up\"><\/i><\/span>\n\t\t\t<span class='e-closed'><i aria-hidden=\"true\" class=\"fas fa-chevron-down\"><\/i><\/span>\n\t\t<\/span>\n\n\t\t\t\t\t\t<\/summary>\n\t\t\t\t<div data-particle_enable=\"false\" data-particle-mobile-disabled=\"false\" role=\"region\" aria-labelledby=\"e-n-accordion-item-8400\" class=\"elementor-element elementor-element-8e0f57d e-con-full e-flex e-con e-child\" data-id=\"8e0f57d\" data-element_type=\"container\" data-e-type=\"container\" data-settings=\"{&quot;background_background&quot;:&quot;classic&quot;}\">\n\t\t\t\t<div class=\"elementor-element elementor-element-6f9e106 elementor-widget elementor-widget-text-editor\" data-id=\"6f9e106\" data-element_type=\"widget\" data-e-type=\"widget\" data-widget_type=\"text-editor.default\">\n\t\t\t\t\t\t\t\t\t<p>Welkom koffie<\/p>\t\t\t\t\t\t\t\t<\/div>\n\t\t\t\t<\/div>\n\t\t\t\t\t<\/details>\n\t\t\t\t\t\t<details id=\"e-n-accordion-item-8401\" class=\"e-n-accordion-item\" >\n\t\t\t\t<summary class=\"e-n-accordion-item-title\" data-accordion-index=\"2\" tabindex=\"-1\" aria-expanded=\"false\" aria-controls=\"e-n-accordion-item-8401\" >\n\t\t\t\t\t<span class='e-n-accordion-item-title-header'><h4 class=\"e-n-accordion-item-title-text\"> 9.00 - 9.45 uur: Keynote: De impact van nieuwe regelgeving op de praktijk van de functionaris voor gegevensbescherming (RIA, DGA, SREN, enz.) - MATHIAS AVOCATS <\/h4><\/span>\n\t\t\t\t\t\t\t<span class='e-n-accordion-item-title-icon'>\n\t\t\t<span class='e-opened' ><i aria-hidden=\"true\" class=\"fas fa-chevron-up\"><\/i><\/span>\n\t\t\t<span class='e-closed'><i aria-hidden=\"true\" class=\"fas fa-chevron-down\"><\/i><\/span>\n\t\t<\/span>\n\n\t\t\t\t\t\t<\/summary>\n\t\t\t\t<div data-particle_enable=\"false\" data-particle-mobile-disabled=\"false\" role=\"region\" aria-labelledby=\"e-n-accordion-item-8401\" class=\"elementor-element elementor-element-4b584ce e-con-full e-flex e-con e-child\" data-id=\"4b584ce\" data-element_type=\"container\" data-e-type=\"container\" data-settings=\"{&quot;background_background&quot;:&quot;classic&quot;}\">\n\t\t\t\t<div class=\"elementor-element elementor-element-db82b7f elementor-widget elementor-widget-text-editor\" data-id=\"db82b7f\" data-element_type=\"widget\" data-e-type=\"widget\" data-widget_type=\"text-editor.default\">\n\t\t\t\t\t\t\t\t\t<p><b>Garance Mathias,\u00a0<\/b>Advocaat, oprichter en directeur -\u00a0<em>Mathias Advocaten<\/em><\/p><p>Hoe kan de DPO helpen om deze nieuwe verplichtingen te implementeren? Wat zijn de beste praktijken die kunnen worden toegepast? Wat is het verband met MVO (in het bijzonder met de Europese MVO-richtlijn)? Wat is de rol van elk van de regelgevende instanties (Arcep, CNIL, etc.)?<\/p><p><a href=\"https:\/\/dpo-forum.eu\/wp-content\/uploads\/2024\/09\/Mathias-Avocats_DPO-Forum_2024-09-17.pdf\">Bekijk de conferentie<\/a><\/p>\t\t\t\t\t\t\t\t<\/div>\n\t\t\t\t<\/div>\n\t\t\t\t\t<\/details>\n\t\t\t\t\t\t<details id=\"e-n-accordion-item-8402\" class=\"e-n-accordion-item\" >\n\t\t\t\t<summary class=\"e-n-accordion-item-title\" data-accordion-index=\"3\" tabindex=\"-1\" aria-expanded=\"false\" aria-controls=\"e-n-accordion-item-8402\" >\n\t\t\t\t\t<span class='e-n-accordion-item-title-header'><h4 class=\"e-n-accordion-item-title-text\"> 9.45 - 10.30 uur: Effectbeoordelingen ontcijferen: best practices voor voortdurende naleving - ADEQUACY &amp; PHENIX PRIVACY <\/h4><\/span>\n\t\t\t\t\t\t\t<span class='e-n-accordion-item-title-icon'>\n\t\t\t<span class='e-opened' ><i aria-hidden=\"true\" class=\"fas fa-chevron-up\"><\/i><\/span>\n\t\t\t<span class='e-closed'><i aria-hidden=\"true\" class=\"fas fa-chevron-down\"><\/i><\/span>\n\t\t<\/span>\n\n\t\t\t\t\t\t<\/summary>\n\t\t\t\t<div data-particle_enable=\"false\" data-particle-mobile-disabled=\"false\" role=\"region\" aria-labelledby=\"e-n-accordion-item-8402\" class=\"elementor-element elementor-element-b4c5d84 e-con-full e-flex e-con e-child\" data-id=\"b4c5d84\" data-element_type=\"container\" data-e-type=\"container\" data-settings=\"{&quot;background_background&quot;:&quot;classic&quot;}\">\n\t\t\t\t<div class=\"elementor-element elementor-element-189be17 elementor-widget elementor-widget-text-editor\" data-id=\"189be17\" data-element_type=\"widget\" data-e-type=\"widget\" data-widget_type=\"text-editor.default\">\n\t\t\t\t\t\t\t\t\t<p><strong>Claire de la Fouchardi\u00e8re<\/strong>, Product Manager -\u00a0<em>ADEQUACY<\/em>\u00a0&amp;<strong>\u00a0C\u00e9line Gallay<\/strong>, Directeur Operaties -\u00a0<em>FENIX PRIVACY\u00a0<\/em><\/p><p>De PIA is (nog steeds) nu! Laat PIA's geen obstakel worden voor uw naleving. Ze zijn veel meer dan een verplichting, ze vormen de basis voor een effectief, doorlopend beheer van uw risico's en dus van uw naleving van de RGPD. Kom en (her)ontdek de best practices voor continue verbetering om een robuust en duurzaam raamwerk op te zetten, de naleving van uw organisatie in de loop van de tijd te garanderen en te anticiperen op en controle uit te oefenen op toekomstige regelgevingslasten (IA ACt...), zonder uw organisatie te belasten.<\/p><p><a href=\"https:\/\/dpo-forum.eu\/wp-content\/uploads\/2024\/09\/Adequacy-x-Phenix-Privacy-DPO-Forum-Lyon-2024.pptx\">Bekijk de conferentie<\/a><\/p>\t\t\t\t\t\t\t\t<\/div>\n\t\t\t\t<\/div>\n\t\t\t\t\t<\/details>\n\t\t\t\t\t\t<details id=\"e-n-accordion-item-8403\" class=\"e-n-accordion-item\" >\n\t\t\t\t<summary class=\"e-n-accordion-item-title\" data-accordion-index=\"4\" tabindex=\"-1\" aria-expanded=\"false\" aria-controls=\"e-n-accordion-item-8403\" >\n\t\t\t\t\t<span class='e-n-accordion-item-title-header'><h4 class=\"e-n-accordion-item-title-text\"> 10.30 - 11.00 uur: Risicobeheer van gegevensverwerking optimaliseren - DATA LEGAL DRIVE <\/h4><\/span>\n\t\t\t\t\t\t\t<span class='e-n-accordion-item-title-icon'>\n\t\t\t<span class='e-opened' ><i aria-hidden=\"true\" class=\"fas fa-chevron-up\"><\/i><\/span>\n\t\t\t<span class='e-closed'><i aria-hidden=\"true\" class=\"fas fa-chevron-down\"><\/i><\/span>\n\t\t<\/span>\n\n\t\t\t\t\t\t<\/summary>\n\t\t\t\t<div data-particle_enable=\"false\" data-particle-mobile-disabled=\"false\" role=\"region\" aria-labelledby=\"e-n-accordion-item-8403\" class=\"elementor-element elementor-element-6613a80 e-con-full e-flex e-con e-child\" data-id=\"6613a80\" data-element_type=\"container\" data-e-type=\"container\" data-settings=\"{&quot;background_background&quot;:&quot;classic&quot;}\">\n\t\t\t\t<div class=\"elementor-element elementor-element-b67b6fd elementor-widget elementor-widget-text-editor\" data-id=\"b67b6fd\" data-element_type=\"widget\" data-e-type=\"widget\" data-widget_type=\"text-editor.default\">\n\t\t\t\t\t\t\t\t\t<p><strong>Alexia Desbordes<\/strong>, Projectmanager bij Data Legal Drive -.\u00a0<em>EQS GROEP<\/em><\/p><p>Hoe kunt u de risico's in uw gegevensverwerking identificeren en beoordelen? Welke tools en strategie\u00ebn kunt u gebruiken om controles te optimaliseren en tijd te besparen? Hoe kunnen deze methoden worden toegepast op specifieke AI-gerelateerde verwerkingen?<br \/>Ontdek praktische oplossingen om de risico's van uw gegevensverwerking te beheersen en uw interne controles te optimaliseren.<\/p><p><a href=\"https:\/\/dpo-forum.eu\/wp-content\/uploads\/2024\/09\/DataLegalDrive_DPOForumLyon_Sept.2024.pdf\">Bekijk de conferentie\u00a0<\/a><\/p>\t\t\t\t\t\t\t\t<\/div>\n\t\t\t\t<\/div>\n\t\t\t\t\t<\/details>\n\t\t\t\t\t\t<details id=\"e-n-accordion-item-8404\" class=\"e-n-accordion-item\" >\n\t\t\t\t<summary class=\"e-n-accordion-item-title\" data-accordion-index=\"5\" tabindex=\"-1\" aria-expanded=\"false\" aria-controls=\"e-n-accordion-item-8404\" >\n\t\t\t\t\t<span class='e-n-accordion-item-title-header'><h4 class=\"e-n-accordion-item-title-text\"> 11.00 - 11.30 uur: Koffiepauze en netwerken <\/h4><\/span>\n\t\t\t\t\t\t\t<span class='e-n-accordion-item-title-icon'>\n\t\t\t<span class='e-opened' ><i aria-hidden=\"true\" class=\"fas fa-chevron-up\"><\/i><\/span>\n\t\t\t<span class='e-closed'><i aria-hidden=\"true\" class=\"fas fa-chevron-down\"><\/i><\/span>\n\t\t<\/span>\n\n\t\t\t\t\t\t<\/summary>\n\t\t\t\t<div data-particle_enable=\"false\" data-particle-mobile-disabled=\"false\" role=\"region\" aria-labelledby=\"e-n-accordion-item-8404\" class=\"elementor-element elementor-element-c1cddf6 e-con-full e-flex e-con e-child\" data-id=\"c1cddf6\" data-element_type=\"container\" data-e-type=\"container\" data-settings=\"{&quot;background_background&quot;:&quot;classic&quot;}\">\n\t\t\t\t<\/div>\n\t\t\t\t\t<\/details>\n\t\t\t\t\t\t<details id=\"e-n-accordion-item-8405\" class=\"e-n-accordion-item\" >\n\t\t\t\t<summary class=\"e-n-accordion-item-title\" data-accordion-index=\"6\" tabindex=\"-1\" aria-expanded=\"false\" aria-controls=\"e-n-accordion-item-8405\" >\n\t\t\t\t\t<span class='e-n-accordion-item-title-header'><h4 class=\"e-n-accordion-item-title-text\"> 11:30 - 12:00 uur: Hoe ga je als DPO om met de IA Act? - DASTRA <\/h4><\/span>\n\t\t\t\t\t\t\t<span class='e-n-accordion-item-title-icon'>\n\t\t\t<span class='e-opened' ><i aria-hidden=\"true\" class=\"fas fa-chevron-up\"><\/i><\/span>\n\t\t\t<span class='e-closed'><i aria-hidden=\"true\" class=\"fas fa-chevron-down\"><\/i><\/span>\n\t\t<\/span>\n\n\t\t\t\t\t\t<\/summary>\n\t\t\t\t<div data-particle_enable=\"false\" data-particle-mobile-disabled=\"false\" role=\"region\" aria-labelledby=\"e-n-accordion-item-8405\" class=\"elementor-element elementor-element-2a17443 e-con-full e-flex e-con e-child\" data-id=\"2a17443\" data-element_type=\"container\" data-e-type=\"container\" data-settings=\"{&quot;background_background&quot;:&quot;classic&quot;}\">\n\t\t\t\t<div class=\"elementor-element elementor-element-badbbe3 elementor-widget elementor-widget-text-editor\" data-id=\"badbbe3\" data-element_type=\"widget\" data-e-type=\"widget\" data-widget_type=\"text-editor.default\">\n\t\t\t\t\t\t\t\t\t<p><b>Paul-Emmanuel BIDAULT<\/b>, CEO &amp; medeoprichter -\u00a0<em>DASTRA\u00a0<\/em><\/p><p>De aanstaande implementatie van de Europese Wet Kunstmatige Intelligentie (AI-wet) zal de rol van de functionaris voor gegevensbescherming waarschijnlijk revolutionair veranderen. Traditioneel werden ze geconfronteerd met het beheer van persoonsgegevens, maar nu zullen ze hun plaats moeten vinden binnen het beheer van kunstmatige intelligentie. Deze sessie geeft een overzicht van wat de AI-wet betekent voor een functionaris voor gegevensbescherming en hoe het in de praktijk mogelijk is om het beheer van de RGPD en de AI-wet met elkaar te verzoenen.\u00a0<\/p><p><a href=\"https:\/\/www.dastra.eu\/fr\/article\/comment-aborder-lai-act-en-tant-que-dpo\/58115\" target=\"_blank\" rel=\"noopener\">Bekijk de conferentie<\/a><\/p>\t\t\t\t\t\t\t\t<\/div>\n\t\t\t\t<\/div>\n\t\t\t\t\t<\/details>\n\t\t\t\t\t\t<details id=\"e-n-accordion-item-8406\" class=\"e-n-accordion-item\" >\n\t\t\t\t<summary class=\"e-n-accordion-item-title\" data-accordion-index=\"7\" tabindex=\"-1\" aria-expanded=\"false\" aria-controls=\"e-n-accordion-item-8406\" >\n\t\t\t\t\t<span class='e-n-accordion-item-title-header'><h4 class=\"e-n-accordion-item-title-text\"> 12:00 - 12:30: IA Act: Hoe kan AI meer bekendheid krijgen? - LETO <\/h4><\/span>\n\t\t\t\t\t\t\t<span class='e-n-accordion-item-title-icon'>\n\t\t\t<span class='e-opened' ><i aria-hidden=\"true\" class=\"fas fa-chevron-up\"><\/i><\/span>\n\t\t\t<span class='e-closed'><i aria-hidden=\"true\" class=\"fas fa-chevron-down\"><\/i><\/span>\n\t\t<\/span>\n\n\t\t\t\t\t\t<\/summary>\n\t\t\t\t<div data-particle_enable=\"false\" data-particle-mobile-disabled=\"false\" role=\"region\" aria-labelledby=\"e-n-accordion-item-8406\" class=\"elementor-element elementor-element-80ac3f2 e-con-full e-flex e-con e-child\" data-id=\"80ac3f2\" data-element_type=\"container\" data-e-type=\"container\" data-settings=\"{&quot;background_background&quot;:&quot;classic&quot;}\">\n\t\t\t\t<div class=\"elementor-element elementor-element-2996613 elementor-widget elementor-widget-text-editor\" data-id=\"2996613\" data-element_type=\"widget\" data-e-type=\"widget\" data-widget_type=\"text-editor.default\">\n\t\t\t\t\t\t\t\t\t<p><strong>Benjamin Lan Sun Luk<\/strong>, Mede-oprichter -\u00a0<em>Leto<\/em><\/p><p>Artikel IV van de AI-wet legt opleidingseisen op om ervoor te zorgen dat werknemers het gebruik en de implicaties van kunstmatige intelligentiesystemen begrijpen. AI-bewustzijn is niet alleen verplicht, het is noodzakelijk! Leto biedt meer dan 200 vragen over de verschillende soorten AI, de vooroordelen, de uitdagingen, de voordelen, allemaal aangepast per beroep en per sector om zo dicht mogelijk bij de belangen van uw werknemers en uw bedrijf te staan!\u00a0<\/p><p><a href=\"https:\/\/dpo-forum.eu\/wp-content\/uploads\/2024\/09\/Sensibilisation-AI-Act-DPO-Forum-Lyon-2024.pdf\">Bekijk de conferentie<\/a><\/p>\t\t\t\t\t\t\t\t<\/div>\n\t\t\t\t<\/div>\n\t\t\t\t\t<\/details>\n\t\t\t\t\t\t<details id=\"e-n-accordion-item-8407\" class=\"e-n-accordion-item\" >\n\t\t\t\t<summary class=\"e-n-accordion-item-title\" data-accordion-index=\"8\" tabindex=\"-1\" aria-expanded=\"false\" aria-controls=\"e-n-accordion-item-8407\" >\n\t\t\t\t\t<span class='e-n-accordion-item-title-header'><h4 class=\"e-n-accordion-item-title-text\"> 13u00 - 14u00: Lunch &amp; Netwerken <\/h4><\/span>\n\t\t\t\t\t\t\t<span class='e-n-accordion-item-title-icon'>\n\t\t\t<span class='e-opened' ><i aria-hidden=\"true\" class=\"fas fa-chevron-up\"><\/i><\/span>\n\t\t\t<span class='e-closed'><i aria-hidden=\"true\" class=\"fas fa-chevron-down\"><\/i><\/span>\n\t\t<\/span>\n\n\t\t\t\t\t\t<\/summary>\n\t\t\t\t<div data-particle_enable=\"false\" data-particle-mobile-disabled=\"false\" role=\"region\" aria-labelledby=\"e-n-accordion-item-8407\" class=\"elementor-element elementor-element-dc12041 e-flex e-con-boxed e-con e-child\" data-id=\"dc12041\" data-element_type=\"container\" data-e-type=\"container\" data-settings=\"{&quot;background_background&quot;:&quot;classic&quot;}\">\n\t\t\t\t\t<div class=\"e-con-inner\">\n\t\t\t\t\t<\/div>\n\t\t\t\t<\/div>\n\t\t\t\t\t<\/details>\n\t\t\t\t\t\t<details id=\"e-n-accordion-item-8408\" class=\"e-n-accordion-item\" >\n\t\t\t\t<summary class=\"e-n-accordion-item-title\" data-accordion-index=\"9\" tabindex=\"-1\" aria-expanded=\"false\" aria-controls=\"e-n-accordion-item-8408\" >\n\t\t\t\t\t<span class='e-n-accordion-item-title-header'><h4 class=\"e-n-accordion-item-title-text\"> 14.00 - 14.30 uur: Beveiliging en compliance: hoe navigeer je door het ecosysteem van gevoelige gegevens? - ARCAD SOFTWARE <\/h4><\/span>\n\t\t\t\t\t\t\t<span class='e-n-accordion-item-title-icon'>\n\t\t\t<span class='e-opened' ><i aria-hidden=\"true\" class=\"fas fa-chevron-up\"><\/i><\/span>\n\t\t\t<span class='e-closed'><i aria-hidden=\"true\" class=\"fas fa-chevron-down\"><\/i><\/span>\n\t\t<\/span>\n\n\t\t\t\t\t\t<\/summary>\n\t\t\t\t<div data-particle_enable=\"false\" data-particle-mobile-disabled=\"false\" role=\"region\" aria-labelledby=\"e-n-accordion-item-8408\" class=\"elementor-element elementor-element-4d4ca53 e-flex e-con-boxed e-con e-child\" data-id=\"4d4ca53\" data-element_type=\"container\" data-e-type=\"container\" data-settings=\"{&quot;background_background&quot;:&quot;classic&quot;}\">\n\t\t\t\t\t<div class=\"e-con-inner\">\n\t\t\t\t<div class=\"elementor-element elementor-element-0aa101f elementor-widget elementor-widget-text-editor\" data-id=\"0aa101f\" data-element_type=\"widget\" data-e-type=\"widget\" data-widget_type=\"text-editor.default\">\n\t\t\t\t\t\t\t\t\t<p><strong>Julien Perdu<\/strong>, Manager bedrijfsontwikkeling -<em>\u00a0ARCAD SOFTWARE<\/em><\/p><p>In een tijd waarin gegevensbescherming crucialer is dan ooit, moeten DPO's geavanceerde strategie\u00ebn beheersen om beveiliging en compliance te garanderen. Deze sessie biedt u praktische hulpmiddelen en up-to-date kennis om kritieke gegevens te identificeren, regelgeving te controleren en gevoelige informatie in uw organisatie ongevoelig te maken. Mis deze kans niet om uw sleutelrol in gegevensbescherming te versterken.<\/p><p><a href=\"https:\/\/dpo-forum.eu\/wp-content\/uploads\/2024\/09\/DPO-Forum-Lyon-2024-Securite-et-conformite-comment-naviguer-dans-lecosysteme-des-donnees-sensibles.pptx\">Bekijk de conferentie<\/a><\/p>\t\t\t\t\t\t\t\t<\/div>\n\t\t\t\t\t<\/div>\n\t\t\t\t<\/div>\n\t\t\t\t\t<\/details>\n\t\t\t\t\t\t<details id=\"e-n-accordion-item-8409\" class=\"e-n-accordion-item\" >\n\t\t\t\t<summary class=\"e-n-accordion-item-title\" data-accordion-index=\"10\" tabindex=\"-1\" aria-expanded=\"false\" aria-controls=\"e-n-accordion-item-8409\" >\n\t\t\t\t\t<span class='e-n-accordion-item-title-header'><h4 class=\"e-n-accordion-item-title-text\"> 14:30 - 15:00: Feedback over verandermanagement in verband met de naleving van de RGPD in een groot internationaal bedrijf - AFCDP <\/h4><\/span>\n\t\t\t\t\t\t\t<span class='e-n-accordion-item-title-icon'>\n\t\t\t<span class='e-opened' ><i aria-hidden=\"true\" class=\"fas fa-chevron-up\"><\/i><\/span>\n\t\t\t<span class='e-closed'><i aria-hidden=\"true\" class=\"fas fa-chevron-down\"><\/i><\/span>\n\t\t<\/span>\n\n\t\t\t\t\t\t<\/summary>\n\t\t\t\t<div data-particle_enable=\"false\" data-particle-mobile-disabled=\"false\" role=\"region\" aria-labelledby=\"e-n-accordion-item-8409\" class=\"elementor-element elementor-element-2130e34 e-flex e-con-boxed e-con e-child\" data-id=\"2130e34\" data-element_type=\"container\" data-e-type=\"container\" data-settings=\"{&quot;background_background&quot;:&quot;classic&quot;}\">\n\t\t\t\t\t<div class=\"e-con-inner\">\n\t\t\t\t<div class=\"elementor-element elementor-element-b1aaeb4 elementor-widget elementor-widget-text-editor\" data-id=\"b1aaeb4\" data-element_type=\"widget\" data-e-type=\"widget\" data-widget_type=\"text-editor.default\">\n\t\t\t\t\t\t\t\t\t<p><strong>Philippe Sal\u00fcn<\/strong>\u00a0Algemeen secretaris -\u00a0<strong>AFCDP<\/strong><\/p><p>Hoe veranderingen beheren om te voldoen aan de RGPD in een internationaal bedrijf met 35 miljoen actieve klanten: illustratie van concrete gevallen, communicatiemiddelen en organisatie. Hoe zorg je ervoor dat HR-processen met betrekking tot werknemers worden nageleefd? Wat is de juiste benadering van prospects, klanten, werknemers, leveranciers en distributiepartners? Welke aanpak moet intern worden gekozen om om te gaan met onwillige managers?<\/p><p><a href=\"https:\/\/dpo-forum.eu\/wp-content\/uploads\/2024\/09\/Dpo-Forum-Lyon-2024.pptx\">Bekijk de conferentie<\/a><\/p>\t\t\t\t\t\t\t\t<\/div>\n\t\t\t\t\t<\/div>\n\t\t\t\t<\/div>\n\t\t\t\t\t<\/details>\n\t\t\t\t\t\t<details id=\"e-n-accordion-item-84010\" class=\"e-n-accordion-item\" >\n\t\t\t\t<summary class=\"e-n-accordion-item-title\" data-accordion-index=\"11\" tabindex=\"-1\" aria-expanded=\"false\" aria-controls=\"e-n-accordion-item-84010\" >\n\t\t\t\t\t<span class='e-n-accordion-item-title-header'><h4 class=\"e-n-accordion-item-title-text\"> 15.00 uur: Afsluiting en netwerken <\/h4><\/span>\n\t\t\t\t\t\t\t<span class='e-n-accordion-item-title-icon'>\n\t\t\t<span class='e-opened' ><i aria-hidden=\"true\" class=\"fas fa-chevron-up\"><\/i><\/span>\n\t\t\t<span class='e-closed'><i aria-hidden=\"true\" class=\"fas fa-chevron-down\"><\/i><\/span>\n\t\t<\/span>\n\n\t\t\t\t\t\t<\/summary>\n\t\t\t\t<div data-particle_enable=\"false\" data-particle-mobile-disabled=\"false\" role=\"region\" aria-labelledby=\"e-n-accordion-item-84010\" class=\"elementor-element elementor-element-d26aae6 e-flex e-con-boxed e-con e-child\" data-id=\"d26aae6\" data-element_type=\"container\" data-e-type=\"container\" data-settings=\"{&quot;background_background&quot;:&quot;classic&quot;}\">\n\t\t\t\t\t<div class=\"e-con-inner\">\n\t\t\t\t\t<\/div>\n\t\t\t\t<\/div>\n\t\t\t\t\t<\/details>\n\t\t\t\t\t<\/div>\n\t\t\t\t\t\t<\/div>\n\t\t\t\t\t<\/div>\n\t\t\t\t<\/div>\n\t\t\t\t<\/div>","protected":false},"excerpt":{"rendered":"<p>Programme DPO Forum Lyon 2024 8h30 &#8211; 9h00 : Caf\u00e9 de bienvenue Caf\u00e9 d&rsquo;accueil 9h00 &#8211; 9h45 : Keynote : Quels sont les impacts des nouvelles r\u00e9gulations sur la pratique du DPO ? (RIA, DGA, SREN, etc.) &#8211; MATHIAS AVOCATS Garance Mathias,\u00a0Avocate \u00e0 la cour, fondatrice &amp; dirigeante &#8211;\u00a0Mathias Avocats Comment le DPO peut-il participer [&hellip;]<\/p>\n","protected":false},"author":1,"featured_media":0,"parent":0,"menu_order":0,"comment_status":"closed","ping_status":"closed","template":"","meta":{"footnotes":""},"class_list":["post-1290","page","type-page","status-publish","hentry"],"_links":{"self":[{"href":"https:\/\/dpo-forum.eu\/nl\/wp-json\/wp\/v2\/pages\/1290","targetHints":{"allow":["GET"]}}],"collection":[{"href":"https:\/\/dpo-forum.eu\/nl\/wp-json\/wp\/v2\/pages"}],"about":[{"href":"https:\/\/dpo-forum.eu\/nl\/wp-json\/wp\/v2\/types\/page"}],"author":[{"embeddable":true,"href":"https:\/\/dpo-forum.eu\/nl\/wp-json\/wp\/v2\/users\/1"}],"replies":[{"embeddable":true,"href":"https:\/\/dpo-forum.eu\/nl\/wp-json\/wp\/v2\/comments?post=1290"}],"version-history":[{"count":4,"href":"https:\/\/dpo-forum.eu\/nl\/wp-json\/wp\/v2\/pages\/1290\/revisions"}],"predecessor-version":[{"id":1295,"href":"https:\/\/dpo-forum.eu\/nl\/wp-json\/wp\/v2\/pages\/1290\/revisions\/1295"}],"wp:attachment":[{"href":"https:\/\/dpo-forum.eu\/nl\/wp-json\/wp\/v2\/media?parent=1290"}],"curies":[{"name":"wp","href":"https:\/\/api.w.org\/{rel}","templated":true}]}}