{"id":1161,"date":"2026-02-03T11:45:47","date_gmt":"2026-02-03T10:45:47","guid":{"rendered":"https:\/\/angry-villani.57-128-39-62.plesk.page\/?page_id=1161"},"modified":"2026-02-03T11:59:27","modified_gmt":"2026-02-03T10:59:27","slug":"programme-paris-2024","status":"publish","type":"page","link":"https:\/\/dpo-forum.eu\/nl\/programme-paris-2024\/","title":{"rendered":"Programme Paris 2024"},"content":{"rendered":"<div data-elementor-type=\"wp-page\" data-elementor-id=\"1161\" class=\"elementor elementor-1161\" data-elementor-post-type=\"page\">\n\t\t\t\t<div data-particle_enable=\"false\" data-particle-mobile-disabled=\"false\" class=\"elementor-element elementor-element-52ab780 e-flex e-con-boxed e-con e-parent\" data-id=\"52ab780\" data-element_type=\"container\" data-e-type=\"container\" data-settings=\"{&quot;background_background&quot;:&quot;classic&quot;}\">\n\t\t\t\t\t<div class=\"e-con-inner\">\n\t\t\t\t<div class=\"elementor-element elementor-element-eecd028 elementor-widget elementor-widget-heading\" data-id=\"eecd028\" data-element_type=\"widget\" data-e-type=\"widget\" data-widget_type=\"heading.default\">\n\t\t\t\t\t<h2 class=\"elementor-heading-title elementor-size-default\">DPO Forum Parijs 2025 programma<\/h2>\t\t\t\t<\/div>\n\t\t\t\t<div class=\"elementor-element elementor-element-f78fb34 elementor-widget elementor-widget-n-accordion\" data-id=\"f78fb34\" data-element_type=\"widget\" data-e-type=\"widget\" data-settings=\"{&quot;default_state&quot;:&quot;all_collapsed&quot;,&quot;max_items_expended&quot;:&quot;multiple&quot;,&quot;n_accordion_animation_duration&quot;:{&quot;unit&quot;:&quot;ms&quot;,&quot;size&quot;:400,&quot;sizes&quot;:[]}}\" data-widget_type=\"nested-accordion.default\">\n\t\t\t\t\t\t\t<div class=\"e-n-accordion\" aria-label=\"Accordeon. Links openen met Enter of Spatie, sluiten met Escape en navigeren met Pijltjestoetsen\">\n\t\t\t\t\t\t<details id=\"e-n-accordion-item-2590\" class=\"e-n-accordion-item\" >\n\t\t\t\t<summary class=\"e-n-accordion-item-title\" data-accordion-index=\"1\" tabindex=\"0\" aria-expanded=\"false\" aria-controls=\"e-n-accordion-item-2590\" >\n\t\t\t\t\t<span class='e-n-accordion-item-title-header'><h4 class=\"e-n-accordion-item-title-text\"> 8.30 - 9.00 uur: Welkomstkoffie <\/h4><\/span>\n\t\t\t\t\t\t\t<span class='e-n-accordion-item-title-icon'>\n\t\t\t<span class='e-opened' ><i aria-hidden=\"true\" class=\"fas fa-chevron-up\"><\/i><\/span>\n\t\t\t<span class='e-closed'><i aria-hidden=\"true\" class=\"fas fa-chevron-down\"><\/i><\/span>\n\t\t<\/span>\n\n\t\t\t\t\t\t<\/summary>\n\t\t\t\t<div data-particle_enable=\"false\" data-particle-mobile-disabled=\"false\" role=\"region\" aria-labelledby=\"e-n-accordion-item-2590\" class=\"elementor-element elementor-element-b0b74ac e-con-full e-flex e-con e-child\" data-id=\"b0b74ac\" data-element_type=\"container\" data-e-type=\"container\" data-settings=\"{&quot;background_background&quot;:&quot;classic&quot;}\">\n\t\t\t\t<div class=\"elementor-element elementor-element-54f4314 elementor-widget elementor-widget-text-editor\" data-id=\"54f4314\" data-element_type=\"widget\" data-e-type=\"widget\" data-widget_type=\"text-editor.default\">\n\t\t\t\t\t\t\t\t\t<p>Welkom koffie<\/p>\t\t\t\t\t\t\t\t<\/div>\n\t\t\t\t<\/div>\n\t\t\t\t\t<\/details>\n\t\t\t\t\t\t<details id=\"e-n-accordion-item-2591\" class=\"e-n-accordion-item\" >\n\t\t\t\t<summary class=\"e-n-accordion-item-title\" data-accordion-index=\"2\" tabindex=\"-1\" aria-expanded=\"false\" aria-controls=\"e-n-accordion-item-2591\" >\n\t\t\t\t\t<span class='e-n-accordion-item-title-header'><h4 class=\"e-n-accordion-item-title-text\"> 9.00 - 9.45 uur: Keynote: Kunstmatige intelligentie en bescherming van persoonsgegevens: wat zijn de uitdagingen voor functionarissen voor gegevensbescherming? - MATHIAS ADVOCAAT <\/h4><\/span>\n\t\t\t\t\t\t\t<span class='e-n-accordion-item-title-icon'>\n\t\t\t<span class='e-opened' ><i aria-hidden=\"true\" class=\"fas fa-chevron-up\"><\/i><\/span>\n\t\t\t<span class='e-closed'><i aria-hidden=\"true\" class=\"fas fa-chevron-down\"><\/i><\/span>\n\t\t<\/span>\n\n\t\t\t\t\t\t<\/summary>\n\t\t\t\t<div data-particle_enable=\"false\" data-particle-mobile-disabled=\"false\" role=\"region\" aria-labelledby=\"e-n-accordion-item-2591\" class=\"elementor-element elementor-element-821ce83 e-con-full e-flex e-con e-child\" data-id=\"821ce83\" data-element_type=\"container\" data-e-type=\"container\" data-settings=\"{&quot;background_background&quot;:&quot;classic&quot;}\">\n\t\t\t\t<div class=\"elementor-element elementor-element-574a95b elementor-widget elementor-widget-text-editor\" data-id=\"574a95b\" data-element_type=\"widget\" data-e-type=\"widget\" data-widget_type=\"text-editor.default\">\n\t\t\t\t\t\t\t\t\t<p><strong>Garance Mathias,<\/strong>\u00a0<em>Managing Director - Oprichter advocaat<\/em><\/p><p>Dankzij het vermogen om grote hoeveelheden gegevens te verwerken en te analyseren, kan AI persoonlijke en gevoelige informatie aan het licht brengen, vaak zonder de uitdrukkelijke toestemming van de betrokken personen. Er moet daarom een evenwicht worden gevonden tussen de noodzaak om de kansen te grijpen die op AI gebaseerde technologische innovaties bieden en de eerbiediging van individuele rechten en privacy.<\/p>\t\t\t\t\t\t\t\t<\/div>\n\t\t\t\t<\/div>\n\t\t\t\t\t<\/details>\n\t\t\t\t\t\t<details id=\"e-n-accordion-item-2592\" class=\"e-n-accordion-item\" >\n\t\t\t\t<summary class=\"e-n-accordion-item-title\" data-accordion-index=\"3\" tabindex=\"-1\" aria-expanded=\"false\" aria-controls=\"e-n-accordion-item-2592\" >\n\t\t\t\t\t<span class='e-n-accordion-item-title-header'><h4 class=\"e-n-accordion-item-title-text\"> 9.45 - 10.30 uur: DPO &amp; CISO, ontdek de sleutels tot succesvolle samenwerking voor uw RGPD-compliance! - ADEQUAAT <\/h4><\/span>\n\t\t\t\t\t\t\t<span class='e-n-accordion-item-title-icon'>\n\t\t\t<span class='e-opened' ><i aria-hidden=\"true\" class=\"fas fa-chevron-up\"><\/i><\/span>\n\t\t\t<span class='e-closed'><i aria-hidden=\"true\" class=\"fas fa-chevron-down\"><\/i><\/span>\n\t\t<\/span>\n\n\t\t\t\t\t\t<\/summary>\n\t\t\t\t<div data-particle_enable=\"false\" data-particle-mobile-disabled=\"false\" role=\"region\" aria-labelledby=\"e-n-accordion-item-2592\" class=\"elementor-element elementor-element-4f7f18f e-con-full e-flex e-con e-child\" data-id=\"4f7f18f\" data-element_type=\"container\" data-e-type=\"container\" data-settings=\"{&quot;background_background&quot;:&quot;classic&quot;}\">\n\t\t\t\t<div class=\"elementor-element elementor-element-b95d5c8 elementor-widget elementor-widget-text-editor\" data-id=\"b95d5c8\" data-element_type=\"widget\" data-e-type=\"widget\" data-widget_type=\"text-editor.default\">\n\t\t\t\t\t\t\t\t\t<p><b>Alessandro Fiorentino,\u00a0<\/b><em>Product Eigenaar<\/em><\/p><p>Laten we samen het belang onderzoeken van een harmonieuze relatie tussen de DPO en de CISO, waarbij we ons richten op het verduidelijken van verantwoordelijkheden, effectieve communicatie en voortdurende risicobeoordeling om ervoor te zorgen dat de RGPD na verloop van tijd wordt nageleefd. We bespreken het gebruik van tools, het begrijpen van beperkingen en het verband tussen NIS2, cyberbeveiliging en de RGPD.<\/p><p><a href=\"https:\/\/dpo-forum.eu\/wp-content\/uploads\/2024\/04\/PPT-Adequacy-DPO-Forum-Paris-2024.pdf\"> Bekijk de conferentie<\/a><\/p>\t\t\t\t\t\t\t\t<\/div>\n\t\t\t\t<\/div>\n\t\t\t\t\t<\/details>\n\t\t\t\t\t\t<details id=\"e-n-accordion-item-2593\" class=\"e-n-accordion-item\" >\n\t\t\t\t<summary class=\"e-n-accordion-item-title\" data-accordion-index=\"4\" tabindex=\"-1\" aria-expanded=\"false\" aria-controls=\"e-n-accordion-item-2593\" >\n\t\t\t\t\t<span class='e-n-accordion-item-title-header'><h4 class=\"e-n-accordion-item-title-text\"> 10.30 - 11.00 uur: Toekomstperspectieven met Google Consent Mode V2 en het verdwijnen van cookies van derden - DIDOMI <\/h4><\/span>\n\t\t\t\t\t\t\t<span class='e-n-accordion-item-title-icon'>\n\t\t\t<span class='e-opened' ><i aria-hidden=\"true\" class=\"fas fa-chevron-up\"><\/i><\/span>\n\t\t\t<span class='e-closed'><i aria-hidden=\"true\" class=\"fas fa-chevron-down\"><\/i><\/span>\n\t\t<\/span>\n\n\t\t\t\t\t\t<\/summary>\n\t\t\t\t<div data-particle_enable=\"false\" data-particle-mobile-disabled=\"false\" role=\"region\" aria-labelledby=\"e-n-accordion-item-2593\" class=\"elementor-element elementor-element-2ca9482 e-con-full e-flex e-con e-child\" data-id=\"2ca9482\" data-element_type=\"container\" data-e-type=\"container\" data-settings=\"{&quot;background_background&quot;:&quot;classic&quot;}\">\n\t\t\t\t<div class=\"elementor-element elementor-element-1c91e7a elementor-widget elementor-widget-text-editor\" data-id=\"1c91e7a\" data-element_type=\"widget\" data-e-type=\"widget\" data-widget_type=\"text-editor.default\">\n\t\t\t\t\t\t\t\t\t<b>Jean-Baptiste Garcin,\u00a0<\/b><em>Accountmanager bij Didomi<\/em>\n\nTijdens deze conferentie nemen we een diepe duik in de belangrijkste veranderingen die zijn ge\u00efntroduceerd door Google Consent Mode versie 2, met een focus op de gevolgen die zijn waargenomen na de implementatie ervan. We bekijken ook hoe juridische en marketingafdelingen zich kunnen voorbereiden op een toekomst zonder cookies van derden, met Google's Privacy Sandbox die in 2024 van kracht wordt en de toename van regelgeving voor gegevensbescherming over de hele wereld. Deze diepgaande analyse zal je voorzien van de kennis die je nodig hebt om je aan te passen aan deze veranderingen, om optimale naleving te garanderen en het vertrouwen van je gebruikers te behouden.\n\n<a href=\"https:\/\/dpo-forum.eu\/wp-content\/uploads\/2024\/04\/DPO-Forum-Bilan-et-perspectives-futures-avec-Google-Consent-Mode-v2.pdf\">Bekijk de conferentie<\/a>\t\t\t\t\t\t\t\t<\/div>\n\t\t\t\t<\/div>\n\t\t\t\t\t<\/details>\n\t\t\t\t\t\t<details id=\"e-n-accordion-item-2594\" class=\"e-n-accordion-item\" >\n\t\t\t\t<summary class=\"e-n-accordion-item-title\" data-accordion-index=\"5\" tabindex=\"-1\" aria-expanded=\"false\" aria-controls=\"e-n-accordion-item-2594\" >\n\t\t\t\t\t<span class='e-n-accordion-item-title-header'><h4 class=\"e-n-accordion-item-title-text\"> 11.00 - 11.30 uur: Koffiepauze en netwerken <\/h4><\/span>\n\t\t\t\t\t\t\t<span class='e-n-accordion-item-title-icon'>\n\t\t\t<span class='e-opened' ><i aria-hidden=\"true\" class=\"fas fa-chevron-up\"><\/i><\/span>\n\t\t\t<span class='e-closed'><i aria-hidden=\"true\" class=\"fas fa-chevron-down\"><\/i><\/span>\n\t\t<\/span>\n\n\t\t\t\t\t\t<\/summary>\n\t\t\t\t<div data-particle_enable=\"false\" data-particle-mobile-disabled=\"false\" role=\"region\" aria-labelledby=\"e-n-accordion-item-2594\" class=\"elementor-element elementor-element-4f5160c e-con-full e-flex e-con e-child\" data-id=\"4f5160c\" data-element_type=\"container\" data-e-type=\"container\" data-settings=\"{&quot;background_background&quot;:&quot;classic&quot;}\">\n\t\t\t\t<\/div>\n\t\t\t\t\t<\/details>\n\t\t\t\t\t\t<details id=\"e-n-accordion-item-2595\" class=\"e-n-accordion-item\" >\n\t\t\t\t<summary class=\"e-n-accordion-item-title\" data-accordion-index=\"6\" tabindex=\"-1\" aria-expanded=\"false\" aria-controls=\"e-n-accordion-item-2595\" >\n\t\t\t\t\t<span class='e-n-accordion-item-title-header'><h4 class=\"e-n-accordion-item-title-text\"> 11:30 - 12:00: Hoe haal je het meeste uit een RGPD tool? - DASTRA <\/h4><\/span>\n\t\t\t\t\t\t\t<span class='e-n-accordion-item-title-icon'>\n\t\t\t<span class='e-opened' ><i aria-hidden=\"true\" class=\"fas fa-chevron-up\"><\/i><\/span>\n\t\t\t<span class='e-closed'><i aria-hidden=\"true\" class=\"fas fa-chevron-down\"><\/i><\/span>\n\t\t<\/span>\n\n\t\t\t\t\t\t<\/summary>\n\t\t\t\t<div data-particle_enable=\"false\" data-particle-mobile-disabled=\"false\" role=\"region\" aria-labelledby=\"e-n-accordion-item-2595\" class=\"elementor-element elementor-element-bec55a7 e-con-full e-flex e-con e-child\" data-id=\"bec55a7\" data-element_type=\"container\" data-e-type=\"container\" data-settings=\"{&quot;background_background&quot;:&quot;classic&quot;}\">\n\t\t\t\t<div class=\"elementor-element elementor-element-8affa5a elementor-widget elementor-widget-text-editor\" data-id=\"8affa5a\" data-element_type=\"widget\" data-e-type=\"widget\" data-widget_type=\"text-editor.default\">\n\t\t\t\t\t\t\t\t\t<p><b>Paul-Emmanuel Bidault,\u00a0<\/b><em>Algemeen directeur en medeoprichter van Dastra &amp;\u00a0<\/em><strong>Catherine Martin,\u00a0<\/strong><em>DPO\u00a0<\/em><\/p><p>Vandaag de dag rusten steeds meer organisaties zichzelf uit of zijn ze al uitgerust met software voor het beheer van de naleving van de RGPD. Maar software aanschaffen is niet genoeg om compliant te zijn - verre van dat. Dus hoe kunt u maximale waarde toevoegen aan uw organisatie met een RGPD tool, en hoe kunt u uw investering optimaliseren? Paul-Emmanuel Bidault, CEO &amp; medeoprichter van Dastra, zal zijn ervaring met u delen, waaronder die van Catherine Martin, DPO van de stad Ivry-Sur-Seine, en u uitnodigen om een kijkje te nemen in het dagelijkse werk van de DPO.<\/p>\t\t\t\t\t\t\t\t<\/div>\n\t\t\t\t<\/div>\n\t\t\t\t\t<\/details>\n\t\t\t\t\t\t<details id=\"e-n-accordion-item-2596\" class=\"e-n-accordion-item\" >\n\t\t\t\t<summary class=\"e-n-accordion-item-title\" data-accordion-index=\"7\" tabindex=\"-1\" aria-expanded=\"false\" aria-controls=\"e-n-accordion-item-2596\" >\n\t\t\t\t\t<span class='e-n-accordion-item-title-header'><h4 class=\"e-n-accordion-item-title-text\"> 12.00 - 12.30: Enthousiast de RGPD omarmen: strategie\u00ebn en voordelen - LETO <\/h4><\/span>\n\t\t\t\t\t\t\t<span class='e-n-accordion-item-title-icon'>\n\t\t\t<span class='e-opened' ><i aria-hidden=\"true\" class=\"fas fa-chevron-up\"><\/i><\/span>\n\t\t\t<span class='e-closed'><i aria-hidden=\"true\" class=\"fas fa-chevron-down\"><\/i><\/span>\n\t\t<\/span>\n\n\t\t\t\t\t\t<\/summary>\n\t\t\t\t<div data-particle_enable=\"false\" data-particle-mobile-disabled=\"false\" role=\"region\" aria-labelledby=\"e-n-accordion-item-2596\" class=\"elementor-element elementor-element-ace391b e-con-full e-flex e-con e-child\" data-id=\"ace391b\" data-element_type=\"container\" data-e-type=\"container\" data-settings=\"{&quot;background_background&quot;:&quot;classic&quot;}\">\n\t\t\t\t<div class=\"elementor-element elementor-element-3b5d2cd elementor-widget elementor-widget-text-editor\" data-id=\"3b5d2cd\" data-element_type=\"widget\" data-e-type=\"widget\" data-widget_type=\"text-editor.default\">\n\t\t\t\t\t\t\t\t\t<strong>Edouard<\/strong>\u00a0<strong>Schlumberger,<\/strong><em>\u00a0Mede-oprichter van Leto<\/em>\n\nBij Leto weten we dat de RGPD kan worden gezien als een beperkend en weinig opwindend onderwerp. Het bewustzijn van werknemers op alle niveaus van het bedrijf vergroten, wat een wettelijke verplichting is, wordt ontmoedigend. Daarom hebben we een innovatieve, interactieve bewustmakingstool ontwikkeld waarmee het onderwerp RGPD binnen het bedrijf kan groeien en waarmee de impact van de bewustmaking in de loop van de maanden kan worden gemeten. Het doel is om een positieve en proactieve benadering van de bescherming van persoonsgegevens aan te moedigen.\n\n<a href=\"https:\/\/dpo-forum.eu\/wp-content\/uploads\/2024\/04\/Sensibilisation-DPO-Forum-Paris-2024-1.pdf\">Bekijk de conferentie<\/a>\t\t\t\t\t\t\t\t<\/div>\n\t\t\t\t<\/div>\n\t\t\t\t\t<\/details>\n\t\t\t\t\t\t<details id=\"e-n-accordion-item-2597\" class=\"e-n-accordion-item\" >\n\t\t\t\t<summary class=\"e-n-accordion-item-title\" data-accordion-index=\"8\" tabindex=\"-1\" aria-expanded=\"false\" aria-controls=\"e-n-accordion-item-2597\" >\n\t\t\t\t\t<span class='e-n-accordion-item-title-header'><h4 class=\"e-n-accordion-item-title-text\"> 12:30 - 13:00: Een RGPD captcha met Live Identity - ORANGE BUSINESS <\/h4><\/span>\n\t\t\t\t\t\t\t<span class='e-n-accordion-item-title-icon'>\n\t\t\t<span class='e-opened' ><i aria-hidden=\"true\" class=\"fas fa-chevron-up\"><\/i><\/span>\n\t\t\t<span class='e-closed'><i aria-hidden=\"true\" class=\"fas fa-chevron-down\"><\/i><\/span>\n\t\t<\/span>\n\n\t\t\t\t\t\t<\/summary>\n\t\t\t\t<div data-particle_enable=\"false\" data-particle-mobile-disabled=\"false\" role=\"region\" aria-labelledby=\"e-n-accordion-item-2597\" class=\"elementor-element elementor-element-6f03724 e-con-full e-flex e-con e-child\" data-id=\"6f03724\" data-element_type=\"container\" data-e-type=\"container\" data-settings=\"{&quot;background_background&quot;:&quot;classic&quot;}\">\n\t\t\t\t<div class=\"elementor-element elementor-element-4610141 elementor-widget elementor-widget-text-editor\" data-id=\"4610141\" data-element_type=\"widget\" data-e-type=\"widget\" data-widget_type=\"text-editor.default\">\n\t\t\t\t\t\t\t\t\t<strong>Ritika Juli,\u00a0<\/strong><em>Productmanager Live Identiteit<\/em>\u00a0<strong>&amp;<\/strong>\u00a0<strong>Aziz Haouas,\u00a0<\/strong><em>Product marketing manager<\/em>\n\nOm zich te beschermen tegen kwaadwillende robots heeft Orange Business een Captcha-oplossing ontwikkeld:\n<ul>\n \t<li>100% Frans,<\/li>\n \t<li>Voldoet aan RGPD- en CNIL-aanbevelingen<\/li>\n \t<li>Voor een soepelere gebruikerservaring<\/li>\n \t<li>Volledig beveiligd en verpakt: eenvoudige, gestandaardiseerde technische implementatie<\/li>\n<\/ul>\nWe nodigen je uit om ons te ontmoeten op onze conferentie op het DPO Forum 2024 voor meer informatie over Live Identity Captcha!\n\n<a href=\"https:\/\/dpo-forum.eu\/wp-content\/uploads\/2024\/04\/Orange-Business-DPO-Forum-Paris-2024-2-avril.pdf\">Bekijk de conferentie<\/a>\t\t\t\t\t\t\t\t<\/div>\n\t\t\t\t<\/div>\n\t\t\t\t\t<\/details>\n\t\t\t\t\t\t<details id=\"e-n-accordion-item-2598\" class=\"e-n-accordion-item\" >\n\t\t\t\t<summary class=\"e-n-accordion-item-title\" data-accordion-index=\"9\" tabindex=\"-1\" aria-expanded=\"false\" aria-controls=\"e-n-accordion-item-2598\" >\n\t\t\t\t\t<span class='e-n-accordion-item-title-header'><h4 class=\"e-n-accordion-item-title-text\"> 13u00 - 14u00: Lunch &amp; Netwerken <\/h4><\/span>\n\t\t\t\t\t\t\t<span class='e-n-accordion-item-title-icon'>\n\t\t\t<span class='e-opened' ><i aria-hidden=\"true\" class=\"fas fa-chevron-up\"><\/i><\/span>\n\t\t\t<span class='e-closed'><i aria-hidden=\"true\" class=\"fas fa-chevron-down\"><\/i><\/span>\n\t\t<\/span>\n\n\t\t\t\t\t\t<\/summary>\n\t\t\t\t<div data-particle_enable=\"false\" data-particle-mobile-disabled=\"false\" role=\"region\" aria-labelledby=\"e-n-accordion-item-2598\" class=\"elementor-element elementor-element-0b0dee7 e-flex e-con-boxed e-con e-child\" data-id=\"0b0dee7\" data-element_type=\"container\" data-e-type=\"container\" data-settings=\"{&quot;background_background&quot;:&quot;classic&quot;}\">\n\t\t\t\t\t<div class=\"e-con-inner\">\n\t\t\t\t\t<\/div>\n\t\t\t\t<\/div>\n\t\t\t\t\t<\/details>\n\t\t\t\t\t\t<details id=\"e-n-accordion-item-2599\" class=\"e-n-accordion-item\" >\n\t\t\t\t<summary class=\"e-n-accordion-item-title\" data-accordion-index=\"10\" tabindex=\"-1\" aria-expanded=\"false\" aria-controls=\"e-n-accordion-item-2599\" >\n\t\t\t\t\t<span class='e-n-accordion-item-title-header'><h4 class=\"e-n-accordion-item-title-text\"> 14.00 - 14.45 uur: Rondetafel: DPO's en AI - CYBER XPERT - MATHIAS AVOCATS - AFCDP - IRISCARE <\/h4><\/span>\n\t\t\t\t\t\t\t<span class='e-n-accordion-item-title-icon'>\n\t\t\t<span class='e-opened' ><i aria-hidden=\"true\" class=\"fas fa-chevron-up\"><\/i><\/span>\n\t\t\t<span class='e-closed'><i aria-hidden=\"true\" class=\"fas fa-chevron-down\"><\/i><\/span>\n\t\t<\/span>\n\n\t\t\t\t\t\t<\/summary>\n\t\t\t\t<div data-particle_enable=\"false\" data-particle-mobile-disabled=\"false\" role=\"region\" aria-labelledby=\"e-n-accordion-item-2599\" class=\"elementor-element elementor-element-d2c6e7e e-flex e-con-boxed e-con e-child\" data-id=\"d2c6e7e\" data-element_type=\"container\" data-e-type=\"container\" data-settings=\"{&quot;background_background&quot;:&quot;classic&quot;}\">\n\t\t\t\t\t<div class=\"e-con-inner\">\n\t\t\t\t<div class=\"elementor-element elementor-element-4de1022 elementor-widget elementor-widget-text-editor\" data-id=\"4de1022\" data-element_type=\"widget\" data-e-type=\"widget\" data-widget_type=\"text-editor.default\">\n\t\t\t\t\t\t\t\t\t<p><b>Fabrice Hacquet,\u00a0<\/b><em>CEO &amp; Bedrijfsmanager<\/em>\u00a0<strong>&amp;<\/strong>\u00a0<b>Grance Mathais,\u00a0<\/b><i>Managing Director - Oprichter advocaat\u00a0<\/i><strong>&amp;<\/strong>\u00a0<strong>Paul-Olivier<\/strong>\u00a0-\u00a0<em>Voorzitter\u00a0<strong>&amp; Louis-Philippe Loncke,\u00a0<\/strong>DPO Iriszorg<\/em><\/p><p>In dit rondetafelgesprek kijken we naar de juridische en praktische aspecten en hoe functionarissen voor gegevensbescherming deze nieuwe reikwijdte in hun rol moeten integreren.<\/p>\t\t\t\t\t\t\t\t<\/div>\n\t\t\t\t\t<\/div>\n\t\t\t\t<\/div>\n\t\t\t\t\t<\/details>\n\t\t\t\t\t\t<details id=\"e-n-accordion-item-25910\" class=\"e-n-accordion-item\" >\n\t\t\t\t<summary class=\"e-n-accordion-item-title\" data-accordion-index=\"11\" tabindex=\"-1\" aria-expanded=\"false\" aria-controls=\"e-n-accordion-item-25910\" >\n\t\t\t\t\t<span class='e-n-accordion-item-title-header'><h4 class=\"e-n-accordion-item-title-text\"> 14.45 - 15.15 uur: Hoe kies je de ideale hosting voor je SaaS-software? - GEGEVENS JURIDISCHE SCHIJF <\/h4><\/span>\n\t\t\t\t\t\t\t<span class='e-n-accordion-item-title-icon'>\n\t\t\t<span class='e-opened' ><i aria-hidden=\"true\" class=\"fas fa-chevron-up\"><\/i><\/span>\n\t\t\t<span class='e-closed'><i aria-hidden=\"true\" class=\"fas fa-chevron-down\"><\/i><\/span>\n\t\t<\/span>\n\n\t\t\t\t\t\t<\/summary>\n\t\t\t\t<div data-particle_enable=\"false\" data-particle-mobile-disabled=\"false\" role=\"region\" aria-labelledby=\"e-n-accordion-item-25910\" class=\"elementor-element elementor-element-c17e6c9 e-flex e-con-boxed e-con e-child\" data-id=\"c17e6c9\" data-element_type=\"container\" data-e-type=\"container\" data-settings=\"{&quot;background_background&quot;:&quot;classic&quot;}\">\n\t\t\t\t\t<div class=\"e-con-inner\">\n\t\t\t\t<div class=\"elementor-element elementor-element-9c569db elementor-widget elementor-widget-text-editor\" data-id=\"9c569db\" data-element_type=\"widget\" data-e-type=\"widget\" data-widget_type=\"text-editor.default\">\n\t\t\t\t\t\t\t\t\t<b>Fabrice Delaporte,\u00a0<\/b><em>CTO van Data Legal Drive<\/em>\n\nAls functionaris voor gegevensbescherming moet je bij het selecteren van de juiste RGPD-software, naast andere criteria, ook het type gegevenshosting beoordelen. Dit is een cruciale verantwoordelijkheid voor het garanderen van compliance binnen uw organisatie, in samenwerking met de IT-afdeling. Gezien de complexiteit van de hostingopties kan het bepalen van de ideale oplossing een echte uitdaging zijn! Wat zijn de voor- en nadelen van gedeelde, dedicated of on-premise datacenters? Scaleway of Outscale: hoe kies je de juiste hostingprovider? Een conferentie die u moet bijwonen om weloverwogen beslissingen te kunnen nemen over datahosting.\n\n<a href=\"https:\/\/dpo-forum.eu\/wp-content\/uploads\/2024\/04\/DPO-Forum-02042024-Conference-hebergement.pdf\">Bekijk de conferentie<\/a>\t\t\t\t\t\t\t\t<\/div>\n\t\t\t\t\t<\/div>\n\t\t\t\t<\/div>\n\t\t\t\t\t<\/details>\n\t\t\t\t\t\t<details id=\"e-n-accordion-item-25911\" class=\"e-n-accordion-item\" >\n\t\t\t\t<summary class=\"e-n-accordion-item-title\" data-accordion-index=\"12\" tabindex=\"-1\" aria-expanded=\"false\" aria-controls=\"e-n-accordion-item-25911\" >\n\t\t\t\t\t<span class='e-n-accordion-item-title-header'><h4 class=\"e-n-accordion-item-title-text\"> 15.15 - 15.45 uur: Van NIS2 een kans maken om persoonsgegevens soeverein te beschermen - HEXATRUST <\/h4><\/span>\n\t\t\t\t\t\t\t<span class='e-n-accordion-item-title-icon'>\n\t\t\t<span class='e-opened' ><i aria-hidden=\"true\" class=\"fas fa-chevron-up\"><\/i><\/span>\n\t\t\t<span class='e-closed'><i aria-hidden=\"true\" class=\"fas fa-chevron-down\"><\/i><\/span>\n\t\t<\/span>\n\n\t\t\t\t\t\t<\/summary>\n\t\t\t\t<div data-particle_enable=\"false\" data-particle-mobile-disabled=\"false\" role=\"region\" aria-labelledby=\"e-n-accordion-item-25911\" class=\"elementor-element elementor-element-abd800b e-flex e-con-boxed e-con e-child\" data-id=\"abd800b\" data-element_type=\"container\" data-e-type=\"container\" data-settings=\"{&quot;background_background&quot;:&quot;classic&quot;}\">\n\t\t\t\t\t<div class=\"e-con-inner\">\n\t\t\t\t<div class=\"elementor-element elementor-element-39057c0 elementor-widget elementor-widget-text-editor\" data-id=\"39057c0\" data-element_type=\"widget\" data-e-type=\"widget\" data-widget_type=\"text-editor.default\">\n\t\t\t\t\t\t\t\t\t<b>Olivier Morel,\u00a0<\/b><em>Penningmeester<\/em>\n\nNu de inwerkingtreding van de NIS 2-richtlijn nadert, hebben functionarissen voor gegevensbescherming de kans om van deze nieuwe regelgeving gebruik te maken om het\nhet beschermingsniveau te verhogen van de persoonlijke gegevens waarvoor zij verantwoordelijk zijn. Hexatrust presenteert een compleet en soeverein ecosysteem\nom deze aanpak te ondersteunen.\n\n<a href=\"https:\/\/dpo-forum.eu\/wp-content\/uploads\/2024\/04\/HEXATRUST-NIS2-DPO-FORUM-PARIS-2024-2-AVRIL.pdf\">Bekijk de conferentie<\/a>\t\t\t\t\t\t\t\t<\/div>\n\t\t\t\t\t<\/div>\n\t\t\t\t<\/div>\n\t\t\t\t\t<\/details>\n\t\t\t\t\t\t<details id=\"e-n-accordion-item-25912\" class=\"e-n-accordion-item\" >\n\t\t\t\t<summary class=\"e-n-accordion-item-title\" data-accordion-index=\"13\" tabindex=\"-1\" aria-expanded=\"false\" aria-controls=\"e-n-accordion-item-25912\" >\n\t\t\t\t\t<span class='e-n-accordion-item-title-header'><h4 class=\"e-n-accordion-item-title-text\"> 16.00 - 17.00: Afsluiting en netwerken <\/h4><\/span>\n\t\t\t\t\t\t\t<span class='e-n-accordion-item-title-icon'>\n\t\t\t<span class='e-opened' ><i aria-hidden=\"true\" class=\"fas fa-chevron-up\"><\/i><\/span>\n\t\t\t<span class='e-closed'><i aria-hidden=\"true\" class=\"fas fa-chevron-down\"><\/i><\/span>\n\t\t<\/span>\n\n\t\t\t\t\t\t<\/summary>\n\t\t\t\t<div data-particle_enable=\"false\" data-particle-mobile-disabled=\"false\" role=\"region\" aria-labelledby=\"e-n-accordion-item-25912\" class=\"elementor-element elementor-element-acfb17c e-flex e-con-boxed e-con e-child\" data-id=\"acfb17c\" data-element_type=\"container\" data-e-type=\"container\" data-settings=\"{&quot;background_background&quot;:&quot;classic&quot;}\">\n\t\t\t\t\t<div class=\"e-con-inner\">\n\t\t\t\t\t<\/div>\n\t\t\t\t<\/div>\n\t\t\t\t\t<\/details>\n\t\t\t\t\t<\/div>\n\t\t\t\t\t\t<\/div>\n\t\t\t\t\t<\/div>\n\t\t\t\t<\/div>\n\t\t\t\t<\/div>","protected":false},"excerpt":{"rendered":"<p>Programme DPO Forum Paris 2025 8h30 &#8211; 9h00 : Caf\u00e9 de bienvenue Caf\u00e9 d&rsquo;accueil 9h00 &#8211; 9h45 : Keynote : Intelligence artificielle et protection des donn\u00e9es \u00e0 caract\u00e8re personnel : quels enjeux pour les DPO ? &#8211; MATHIAS AVOCATS Garance Mathias,\u00a0Managing Director &#8211; Founder lawyer L&rsquo;IA, gr\u00e2ce \u00e0 sa capacit\u00e9 \u00e0 traiter et analyser de [&hellip;]<\/p>\n","protected":false},"author":1,"featured_media":0,"parent":0,"menu_order":0,"comment_status":"closed","ping_status":"closed","template":"","meta":{"footnotes":""},"class_list":["post-1161","page","type-page","status-publish","hentry"],"_links":{"self":[{"href":"https:\/\/dpo-forum.eu\/nl\/wp-json\/wp\/v2\/pages\/1161","targetHints":{"allow":["GET"]}}],"collection":[{"href":"https:\/\/dpo-forum.eu\/nl\/wp-json\/wp\/v2\/pages"}],"about":[{"href":"https:\/\/dpo-forum.eu\/nl\/wp-json\/wp\/v2\/types\/page"}],"author":[{"embeddable":true,"href":"https:\/\/dpo-forum.eu\/nl\/wp-json\/wp\/v2\/users\/1"}],"replies":[{"embeddable":true,"href":"https:\/\/dpo-forum.eu\/nl\/wp-json\/wp\/v2\/comments?post=1161"}],"version-history":[{"count":4,"href":"https:\/\/dpo-forum.eu\/nl\/wp-json\/wp\/v2\/pages\/1161\/revisions"}],"predecessor-version":[{"id":1165,"href":"https:\/\/dpo-forum.eu\/nl\/wp-json\/wp\/v2\/pages\/1161\/revisions\/1165"}],"wp:attachment":[{"href":"https:\/\/dpo-forum.eu\/nl\/wp-json\/wp\/v2\/media?parent=1161"}],"curies":[{"name":"wp","href":"https:\/\/api.w.org\/{rel}","templated":true}]}}