{"id":1104,"date":"2026-02-03T10:03:55","date_gmt":"2026-02-03T09:03:55","guid":{"rendered":"https:\/\/angry-villani.57-128-39-62.plesk.page\/?page_id=1104"},"modified":"2026-02-03T10:14:20","modified_gmt":"2026-02-03T09:14:20","slug":"programme-paris-2025","status":"publish","type":"page","link":"https:\/\/dpo-forum.eu\/nl\/programme-paris-2025\/","title":{"rendered":"Programme Paris 2025"},"content":{"rendered":"<div data-elementor-type=\"wp-page\" data-elementor-id=\"1104\" class=\"elementor elementor-1104\" data-elementor-post-type=\"page\">\n\t\t\t\t<div data-particle_enable=\"false\" data-particle-mobile-disabled=\"false\" class=\"elementor-element elementor-element-6631525 e-flex e-con-boxed e-con e-parent\" data-id=\"6631525\" data-element_type=\"container\" data-e-type=\"container\" data-settings=\"{&quot;background_background&quot;:&quot;classic&quot;}\">\n\t\t\t\t\t<div class=\"e-con-inner\">\n\t\t\t\t<div class=\"elementor-element elementor-element-339d2f8 elementor-widget elementor-widget-heading\" data-id=\"339d2f8\" data-element_type=\"widget\" data-e-type=\"widget\" data-widget_type=\"heading.default\">\n\t\t\t\t\t<h2 class=\"elementor-heading-title elementor-size-default\">DPO Forum Parijs 2025 programma<\/h2>\t\t\t\t<\/div>\n\t\t\t\t<div class=\"elementor-element elementor-element-ab3899f elementor-widget elementor-widget-n-accordion\" data-id=\"ab3899f\" data-element_type=\"widget\" data-e-type=\"widget\" data-settings=\"{&quot;default_state&quot;:&quot;all_collapsed&quot;,&quot;max_items_expended&quot;:&quot;multiple&quot;,&quot;n_accordion_animation_duration&quot;:{&quot;unit&quot;:&quot;ms&quot;,&quot;size&quot;:400,&quot;sizes&quot;:[]}}\" data-widget_type=\"nested-accordion.default\">\n\t\t\t\t\t\t\t<div class=\"e-n-accordion\" aria-label=\"Accordeon. Links openen met Enter of Spatie, sluiten met Escape en navigeren met Pijltjestoetsen\">\n\t\t\t\t\t\t<details id=\"e-n-accordion-item-1790\" class=\"e-n-accordion-item\" >\n\t\t\t\t<summary class=\"e-n-accordion-item-title\" data-accordion-index=\"1\" tabindex=\"0\" aria-expanded=\"false\" aria-controls=\"e-n-accordion-item-1790\" >\n\t\t\t\t\t<span class='e-n-accordion-item-title-header'><h4 class=\"e-n-accordion-item-title-text\"> 8.30 - 9.30: Welkomstkoffie <\/h4><\/span>\n\t\t\t\t\t\t\t<span class='e-n-accordion-item-title-icon'>\n\t\t\t<span class='e-opened' ><i aria-hidden=\"true\" class=\"fas fa-chevron-up\"><\/i><\/span>\n\t\t\t<span class='e-closed'><i aria-hidden=\"true\" class=\"fas fa-chevron-down\"><\/i><\/span>\n\t\t<\/span>\n\n\t\t\t\t\t\t<\/summary>\n\t\t\t\t<div data-particle_enable=\"false\" data-particle-mobile-disabled=\"false\" role=\"region\" aria-labelledby=\"e-n-accordion-item-1790\" class=\"elementor-element elementor-element-a587a19 e-con-full e-flex e-con e-child\" data-id=\"a587a19\" data-element_type=\"container\" data-e-type=\"container\" data-settings=\"{&quot;background_background&quot;:&quot;classic&quot;}\">\n\t\t\t\t<div class=\"elementor-element elementor-element-5f130b1 elementor-widget elementor-widget-text-editor\" data-id=\"5f130b1\" data-element_type=\"widget\" data-e-type=\"widget\" data-widget_type=\"text-editor.default\">\n\t\t\t\t\t\t\t\t\t<p>Welkom koffie<\/p>\t\t\t\t\t\t\t\t<\/div>\n\t\t\t\t<\/div>\n\t\t\t\t\t<\/details>\n\t\t\t\t\t\t<details id=\"e-n-accordion-item-1791\" class=\"e-n-accordion-item\" >\n\t\t\t\t<summary class=\"e-n-accordion-item-title\" data-accordion-index=\"2\" tabindex=\"-1\" aria-expanded=\"false\" aria-controls=\"e-n-accordion-item-1791\" >\n\t\t\t\t\t<span class='e-n-accordion-item-title-header'><h4 class=\"e-n-accordion-item-title-text\"> 9.30 - 9.50 uur: Keynote: Geconfronteerd met de huidige dreiging en een veranderende geopolitieke context is de DPO een essenti\u00eble pijler voor elke organisatie - Kabinet Mathias Avocats <\/h4><\/span>\n\t\t\t\t\t\t\t<span class='e-n-accordion-item-title-icon'>\n\t\t\t<span class='e-opened' ><i aria-hidden=\"true\" class=\"fas fa-chevron-up\"><\/i><\/span>\n\t\t\t<span class='e-closed'><i aria-hidden=\"true\" class=\"fas fa-chevron-down\"><\/i><\/span>\n\t\t<\/span>\n\n\t\t\t\t\t\t<\/summary>\n\t\t\t\t<div data-particle_enable=\"false\" data-particle-mobile-disabled=\"false\" role=\"region\" aria-labelledby=\"e-n-accordion-item-1791\" class=\"elementor-element elementor-element-fe39e07 e-con-full e-flex e-con e-child\" data-id=\"fe39e07\" data-element_type=\"container\" data-e-type=\"container\" data-settings=\"{&quot;background_background&quot;:&quot;classic&quot;}\">\n\t\t\t\t<div class=\"elementor-element elementor-element-f27f636 elementor-widget elementor-widget-text-editor\" data-id=\"f27f636\" data-element_type=\"widget\" data-e-type=\"widget\" data-widget_type=\"text-editor.default\">\n\t\t\t\t\t\t\t\t\t<p><b><span data-olk-copy-source=\"MessageBody\">De DPO: een essenti\u00eble pijler voor de organisatie<\/span><\/b><\/p><p><b><i>Geconfronteerd met de huidige dreiging&amp;<\/i><\/b><b>\u00a0<i>de veranderende geopolitieke context<\/i><\/b><\/p><p><b>Tegen een achtergrond van toenemende cyberaanvallen, de dreiging dat de fundamenten van de samenwerking tussen de VS en de EU in twijfel worden getrokken en de opkomst van AI met zijn ongebreidelde toepassingen: welke strategie moet worden aangenomen om persoonsgegevens te beschermen? Wat zijn de nieuwe governance-kwesties?  Hoe kunnen risico's worden voorzien en beheerd?<\/b><\/p><p><b>Meer dan ooit is de DPO een belangrijke speler voor de organisatie bij het handhaven van compliance en vertrouwen.<\/b><\/p><p><b><span data-olk-copy-source=\"MessageBody\"><a href=\"https:\/\/dpo-forum.eu\/wp-content\/uploads\/2025\/05\/Mathias-Avocats_DPO20250506_VF.pdf\">Mathias Avocats_Keynote<\/a><\/span><\/b><\/p>\t\t\t\t\t\t\t\t<\/div>\n\t\t\t\t<\/div>\n\t\t\t\t\t<\/details>\n\t\t\t\t\t\t<details id=\"e-n-accordion-item-1792\" class=\"e-n-accordion-item\" >\n\t\t\t\t<summary class=\"e-n-accordion-item-title\" data-accordion-index=\"3\" tabindex=\"-1\" aria-expanded=\"false\" aria-controls=\"e-n-accordion-item-1792\" >\n\t\t\t\t\t<span class='e-n-accordion-item-title-header'><h4 class=\"e-n-accordion-item-title-text\"> 9u55 - 10u15 : Hoe omgaan met de IA Act als je DPO bent? - DASTRA  <\/h4><\/span>\n\t\t\t\t\t\t\t<span class='e-n-accordion-item-title-icon'>\n\t\t\t<span class='e-opened' ><i aria-hidden=\"true\" class=\"fas fa-chevron-up\"><\/i><\/span>\n\t\t\t<span class='e-closed'><i aria-hidden=\"true\" class=\"fas fa-chevron-down\"><\/i><\/span>\n\t\t<\/span>\n\n\t\t\t\t\t\t<\/summary>\n\t\t\t\t<div data-particle_enable=\"false\" data-particle-mobile-disabled=\"false\" role=\"region\" aria-labelledby=\"e-n-accordion-item-1792\" class=\"elementor-element elementor-element-82cbab2 e-con-full e-flex e-con e-child\" data-id=\"82cbab2\" data-element_type=\"container\" data-e-type=\"container\" data-settings=\"{&quot;background_background&quot;:&quot;classic&quot;}\">\n\t\t\t\t<div class=\"elementor-element elementor-element-e4c6935 elementor-widget elementor-widget-text-editor\" data-id=\"e4c6935\" data-element_type=\"widget\" data-e-type=\"widget\" data-widget_type=\"text-editor.default\">\n\t\t\t\t\t\t\t\t\t<p>Programma:<br \/>Inzicht in de IA Act en nalevingsverplichtingen<br \/>De rol van de functionaris voor gegevensbescherming begrijpen,<br \/>Hoe u uw AI-systemen in kaart brengt<br \/>Hoe maak je van AI-governance een praktische realiteit<\/p><p><em>Romain Bidault - Medeoprichter<\/em><\/p><p><a href=\"https:\/\/www.dastra.eu\/fr\/article\/comment-aborder-lai-act-en-tant-que-dpo\/58115\" target=\"_blank\" rel=\"noopener\">https:\/\/www.dastra.eu\/fr\/article\/comment-aborder-lai-act-en-tant-que-dpo\/58115<\/a><\/p>\t\t\t\t\t\t\t\t<\/div>\n\t\t\t\t<\/div>\n\t\t\t\t\t<\/details>\n\t\t\t\t\t\t<details id=\"e-n-accordion-item-1793\" class=\"e-n-accordion-item\" >\n\t\t\t\t<summary class=\"e-n-accordion-item-title\" data-accordion-index=\"4\" tabindex=\"-1\" aria-expanded=\"false\" aria-controls=\"e-n-accordion-item-1793\" >\n\t\t\t\t\t<span class='e-n-accordion-item-title-header'><h4 class=\"e-n-accordion-item-title-text\"> 10u20 - 10u40: Generatieve AI in de onderneming: risico's en kansen - SHIELD AI <\/h4><\/span>\n\t\t\t\t\t\t\t<span class='e-n-accordion-item-title-icon'>\n\t\t\t<span class='e-opened' ><i aria-hidden=\"true\" class=\"fas fa-chevron-up\"><\/i><\/span>\n\t\t\t<span class='e-closed'><i aria-hidden=\"true\" class=\"fas fa-chevron-down\"><\/i><\/span>\n\t\t<\/span>\n\n\t\t\t\t\t\t<\/summary>\n\t\t\t\t<div data-particle_enable=\"false\" data-particle-mobile-disabled=\"false\" role=\"region\" aria-labelledby=\"e-n-accordion-item-1793\" class=\"elementor-element elementor-element-85424f2 e-con-full e-flex e-con e-child\" data-id=\"85424f2\" data-element_type=\"container\" data-e-type=\"container\" data-settings=\"{&quot;background_background&quot;:&quot;classic&quot;}\">\n\t\t\t\t<div class=\"elementor-element elementor-element-762cf90 elementor-widget elementor-widget-text-editor\" data-id=\"762cf90\" data-element_type=\"widget\" data-e-type=\"widget\" data-widget_type=\"text-editor.default\">\n\t\t\t\t\t\t\t\t\t<ul><li><span class=\"OYPEnA font-feature-liga-off font-feature-clig-off font-feature-calt-off text-decoration-none text-strikethrough-none\">Ontdek de impact van generatieve AI op bedrijven.<\/span><\/li><li><span class=\"OYPEnA font-feature-liga-off font-feature-clig-off font-feature-calt-off text-decoration-none text-strikethrough-none\">Veiligheids- en nalevingsrisico's analyseren.<\/span><\/li><li><span class=\"OYPEnA font-feature-liga-off font-feature-clig-off font-feature-calt-off text-decoration-none text-strikethrough-none\">Mogelijkheden voor operationele optimalisatie onderzoeken.<\/span><\/li><li><span class=\"OYPEnA font-feature-liga-off font-feature-clig-off font-feature-calt-off text-decoration-none text-strikethrough-none\">Kies voor een pragmatische aanpak om deze technologie\u00ebn te integreren.<\/span><\/li><li><span class=\"OYPEnA font-feature-liga-off font-feature-clig-off font-feature-calt-off text-decoration-none text-strikethrough-none\">Neem deel aan een discussie met experts om te anticiperen op toekomstige uitdagingen.<\/span><\/li><\/ul><p>Mustapha Annouh - CEO<\/p><p><a href=\"https:\/\/dpo-forum.eu\/wp-content\/uploads\/2025\/05\/DPO-Forum-GenAI-en-entreprise-2025-FR.pdf\">DPO Forum - GenAI op de werkplek - 2025 FR<\/a><\/p>\t\t\t\t\t\t\t\t<\/div>\n\t\t\t\t<\/div>\n\t\t\t\t\t<\/details>\n\t\t\t\t\t\t<details id=\"e-n-accordion-item-1794\" class=\"e-n-accordion-item\" >\n\t\t\t\t<summary class=\"e-n-accordion-item-title\" data-accordion-index=\"5\" tabindex=\"-1\" aria-expanded=\"false\" aria-controls=\"e-n-accordion-item-1794\" >\n\t\t\t\t\t<span class='e-n-accordion-item-title-header'><h4 class=\"e-n-accordion-item-title-text\"> 10.40 - 11.00: Checklist voor succesvolle naleving van de RGPD - DATA LEGAL DRIVE (EQS GROUP) <\/h4><\/span>\n\t\t\t\t\t\t\t<span class='e-n-accordion-item-title-icon'>\n\t\t\t<span class='e-opened' ><i aria-hidden=\"true\" class=\"fas fa-chevron-up\"><\/i><\/span>\n\t\t\t<span class='e-closed'><i aria-hidden=\"true\" class=\"fas fa-chevron-down\"><\/i><\/span>\n\t\t<\/span>\n\n\t\t\t\t\t\t<\/summary>\n\t\t\t\t<div data-particle_enable=\"false\" data-particle-mobile-disabled=\"false\" role=\"region\" aria-labelledby=\"e-n-accordion-item-1794\" class=\"elementor-element elementor-element-a2efe28 e-con-full e-flex e-con e-child\" data-id=\"a2efe28\" data-element_type=\"container\" data-e-type=\"container\" data-settings=\"{&quot;background_background&quot;:&quot;classic&quot;}\">\n\t\t\t\t<div class=\"elementor-element elementor-element-946b48e elementor-widget elementor-widget-text-editor\" data-id=\"946b48e\" data-element_type=\"widget\" data-e-type=\"widget\" data-widget_type=\"text-editor.default\">\n\t\t\t\t\t\t\t\t\t<p>Is jouw organisatie echt klaar voor een RGPD-audit?<\/p><p>Voldoen aan de RGPD lijkt misschien complex, maar met een duidelijke, gestructureerde checklist wordt alles eenvoudiger. In deze workshop nemen we je stap voor stap mee: van de voorbereidingsfase tot het identificeren van risico's en de uiteindelijke rapportage. Je zult vertrekken met een praktische methode om je naleving effectief te beheren en boetes te vermijden.<\/p><p><strong><em>Valentin Senechal - Adviseur Privacy<\/em><\/strong><\/p><p><a href=\"https:\/\/dpo-forum.eu\/wp-content\/uploads\/2025\/05\/Valentin-Senechal-EQS.pdf\">Valentin S\u00e9nechal - EQS<\/a><\/p>\t\t\t\t\t\t\t\t<\/div>\n\t\t\t\t<\/div>\n\t\t\t\t\t<\/details>\n\t\t\t\t\t\t<details id=\"e-n-accordion-item-1795\" class=\"e-n-accordion-item\" >\n\t\t\t\t<summary class=\"e-n-accordion-item-title\" data-accordion-index=\"6\" tabindex=\"-1\" aria-expanded=\"false\" aria-controls=\"e-n-accordion-item-1795\" >\n\t\t\t\t\t<span class='e-n-accordion-item-title-header'><h4 class=\"e-n-accordion-item-title-text\"> 11.00 - 11.45: Koffiepauze en netwerken <\/h4><\/span>\n\t\t\t\t\t\t\t<span class='e-n-accordion-item-title-icon'>\n\t\t\t<span class='e-opened' ><i aria-hidden=\"true\" class=\"fas fa-chevron-up\"><\/i><\/span>\n\t\t\t<span class='e-closed'><i aria-hidden=\"true\" class=\"fas fa-chevron-down\"><\/i><\/span>\n\t\t<\/span>\n\n\t\t\t\t\t\t<\/summary>\n\t\t\t\t<div data-particle_enable=\"false\" data-particle-mobile-disabled=\"false\" role=\"region\" aria-labelledby=\"e-n-accordion-item-1795\" class=\"elementor-element elementor-element-ed8b2df e-con-full e-flex e-con e-child\" data-id=\"ed8b2df\" data-element_type=\"container\" data-e-type=\"container\" data-settings=\"{&quot;background_background&quot;:&quot;classic&quot;}\">\n\t\t\t\t<\/div>\n\t\t\t\t\t<\/details>\n\t\t\t\t\t\t<details id=\"e-n-accordion-item-1796\" class=\"e-n-accordion-item\" >\n\t\t\t\t<summary class=\"e-n-accordion-item-title\" data-accordion-index=\"7\" tabindex=\"-1\" aria-expanded=\"false\" aria-controls=\"e-n-accordion-item-1796\" >\n\t\t\t\t\t<span class='e-n-accordion-item-title-header'><h4 class=\"e-n-accordion-item-title-text\"> 11:45 - 12:05: CAL&amp;F &amp; ARCAD Software verkleinen de impact van datalekken drastisch dankzij DOT Anonymizer - ARCAD SOFTWARE <\/h4><\/span>\n\t\t\t\t\t\t\t<span class='e-n-accordion-item-title-icon'>\n\t\t\t<span class='e-opened' ><i aria-hidden=\"true\" class=\"fas fa-chevron-up\"><\/i><\/span>\n\t\t\t<span class='e-closed'><i aria-hidden=\"true\" class=\"fas fa-chevron-down\"><\/i><\/span>\n\t\t<\/span>\n\n\t\t\t\t\t\t<\/summary>\n\t\t\t\t<div data-particle_enable=\"false\" data-particle-mobile-disabled=\"false\" role=\"region\" aria-labelledby=\"e-n-accordion-item-1796\" class=\"elementor-element elementor-element-e88cbc2 e-con-full e-flex e-con e-child\" data-id=\"e88cbc2\" data-element_type=\"container\" data-e-type=\"container\" data-settings=\"{&quot;background_background&quot;:&quot;classic&quot;}\">\n\t\t\t\t<div class=\"elementor-element elementor-element-da8f324 elementor-widget elementor-widget-text-editor\" data-id=\"da8f324\" data-element_type=\"widget\" data-e-type=\"widget\" data-widget_type=\"text-editor.default\">\n\t\t\t\t\t\t\t\t\t<p>In een digitale omgeving waar cyberbedreigingen alomtegenwoordig zijn,\u00a0<b>de bescherming van gevoelige gegevens is een absolute prioriteit geworden<\/b>\u00a0voor bedrijven. CAL&amp;F, een dochteronderneming van de Landbouwkredietgroep, is aanwezig in 11 landen met meer dan 300 onderling verbonden toepassingen.<b>\u00a0de uitdaging van het anonimiseren van gegevens om te voldoen aan europese regelgeving<\/b>\u00a0zoals RGPD, NIS 2 en DORA.<\/p><p><b>CA L&amp;F's Group DPO, Blaise Diagne, zal praktische feedback geven over het onderwerp:<\/b><\/p><ul type=\"disc\"><li>Implementatie van een project voor gegevensanonimisering in een complex informatiesysteem.<\/li><li>De voordelen op het gebied van naleving van regelgeving, bescherming tegen gegevensdiefstal en optimalisatie van gegevensbeheer.<\/li><li>De ondervonden uitdagingen en de gevonden oplossingen om uniforme en functioneel consistente anonimisering te garanderen.<\/li><\/ul><p>Deze presentatie geeft je waardevolle inzichten in :<\/p><ul type=\"disc\"><li><b>Beste praktijken in gegevensanonimisering<\/b>\u00a0in complexe omgevingen.<\/li><li>Strategie\u00ebn voor\u00a0<b>de impact van datalekken verminderen<\/b>, inclusief verouderde gegevens.<\/li><li>Gereedschappen en methoden voor\u00a0<b>de veerkracht en financi\u00eble prestaties van uw bedrijf verbeteren<\/b>\u00a0dankzij geoptimaliseerd gegevensbeheer.<\/li><\/ul><p>Mis deze kans niet om met onze expert Blaise Diagne te praten en te ontdekken hoe je\u00a0<b>CAL&amp;F en ARCAD Software hebben samengewerkt om de uitdagingen van gegevensanonimisering te transformeren<\/b>\u00a0in hefbomen voor prestaties en veiligheid<\/p><p><em>Blaise Diagne - DPO<\/em><\/p><p><a href=\"https:\/\/dpo-forum.eu\/wp-content\/uploads\/2025\/05\/Presentation-session-DPO-Forum-Paris-2025.pptx\">Presentatie DPO-sessie Forum Parijs 2025<\/a><\/p>\t\t\t\t\t\t\t\t<\/div>\n\t\t\t\t<\/div>\n\t\t\t\t\t<\/details>\n\t\t\t\t\t\t<details id=\"e-n-accordion-item-1797\" class=\"e-n-accordion-item\" >\n\t\t\t\t<summary class=\"e-n-accordion-item-title\" data-accordion-index=\"8\" tabindex=\"-1\" aria-expanded=\"false\" aria-controls=\"e-n-accordion-item-1797\" >\n\t\t\t\t\t<span class='e-n-accordion-item-title-header'><h4 class=\"e-n-accordion-item-title-text\"> 12.10 - 12.35: De RGPD, een indicator voor de roofzuchtige technieken van platforms ten opzichte van jongeren - ADEQUACY <\/h4><\/span>\n\t\t\t\t\t\t\t<span class='e-n-accordion-item-title-icon'>\n\t\t\t<span class='e-opened' ><i aria-hidden=\"true\" class=\"fas fa-chevron-up\"><\/i><\/span>\n\t\t\t<span class='e-closed'><i aria-hidden=\"true\" class=\"fas fa-chevron-down\"><\/i><\/span>\n\t\t<\/span>\n\n\t\t\t\t\t\t<\/summary>\n\t\t\t\t<div data-particle_enable=\"false\" data-particle-mobile-disabled=\"false\" role=\"region\" aria-labelledby=\"e-n-accordion-item-1797\" class=\"elementor-element elementor-element-68be94e e-con-full e-flex e-con e-child\" data-id=\"68be94e\" data-element_type=\"container\" data-e-type=\"container\" data-settings=\"{&quot;background_background&quot;:&quot;classic&quot;}\">\n\t\t\t\t<div class=\"elementor-element elementor-element-925c07f elementor-widget elementor-widget-text-editor\" data-id=\"925c07f\" data-element_type=\"widget\" data-e-type=\"widget\" data-widget_type=\"text-editor.default\">\n\t\t\t\t\t\t\t\t\t<p>Commerci\u00eble strategie\u00ebn ge\u00efmplementeerd door sociale netwerkplatforms<br \/>hebben hen in staat gesteld leiders te worden in de nieuwe aandachtseconomie. Ze zijn<br \/>monopolie in een gesloten markt. Jongeren raken er dagelijks aan gewend om op deze platforms te communiceren en te spelen. Door gebruik te maken van de aangeboden diensten wisselen ze vrijwillig persoonlijke informatie uit en laten ze onbewust browsersporen achter. De strategie van deze platforms is om, door het verankeren van gewoonten, een psychologische afhankelijkheid bij gebruikers te cre\u00ebren en verschillende rooftechnieken te gebruiken om persoonlijke gegevens te verzamelen.<\/p><p><em>Alessandro Fiorentino - Producteigenaar<\/em><\/p><p><a href=\"https:\/\/dpo-forum.eu\/wp-content\/uploads\/2025\/05\/PTT-Alessandro-Fiorentino-Adequacy-DPO-Forum-Paris-2025.pdf\">PTT Alessandro Fiorentino Toereikendheid - DPO Forum Parijs 2025<\/a><\/p>\t\t\t\t\t\t\t\t<\/div>\n\t\t\t\t<\/div>\n\t\t\t\t\t<\/details>\n\t\t\t\t\t\t<details id=\"e-n-accordion-item-1798\" class=\"e-n-accordion-item\" >\n\t\t\t\t<summary class=\"e-n-accordion-item-title\" data-accordion-index=\"9\" tabindex=\"-1\" aria-expanded=\"false\" aria-controls=\"e-n-accordion-item-1798\" >\n\t\t\t\t\t<span class='e-n-accordion-item-title-header'><h4 class=\"e-n-accordion-item-title-text\"> 13u00 - 14u30: Lunch &amp; Netwerken <\/h4><\/span>\n\t\t\t\t\t\t\t<span class='e-n-accordion-item-title-icon'>\n\t\t\t<span class='e-opened' ><i aria-hidden=\"true\" class=\"fas fa-chevron-up\"><\/i><\/span>\n\t\t\t<span class='e-closed'><i aria-hidden=\"true\" class=\"fas fa-chevron-down\"><\/i><\/span>\n\t\t<\/span>\n\n\t\t\t\t\t\t<\/summary>\n\t\t\t\t<div data-particle_enable=\"false\" data-particle-mobile-disabled=\"false\" role=\"region\" aria-labelledby=\"e-n-accordion-item-1798\" class=\"elementor-element elementor-element-34f985e e-con-full e-flex e-con e-child\" data-id=\"34f985e\" data-element_type=\"container\" data-e-type=\"container\" data-settings=\"{&quot;background_background&quot;:&quot;classic&quot;}\">\n\t\t\t\t<\/div>\n\t\t\t\t\t<\/details>\n\t\t\t\t\t\t<details id=\"e-n-accordion-item-1799\" class=\"e-n-accordion-item\" >\n\t\t\t\t<summary class=\"e-n-accordion-item-title\" data-accordion-index=\"10\" tabindex=\"-1\" aria-expanded=\"false\" aria-controls=\"e-n-accordion-item-1799\" >\n\t\t\t\t\t<span class='e-n-accordion-item-title-header'><h4 class=\"e-n-accordion-item-title-text\"> 14.30 - 15.30 uur: Rondetafelgesprek: Hoe kunt u uw RGPD-verplichtingen afstemmen op de vereisten van de Wet IA? <\/h4><\/span>\n\t\t\t\t\t\t\t<span class='e-n-accordion-item-title-icon'>\n\t\t\t<span class='e-opened' ><i aria-hidden=\"true\" class=\"fas fa-chevron-up\"><\/i><\/span>\n\t\t\t<span class='e-closed'><i aria-hidden=\"true\" class=\"fas fa-chevron-down\"><\/i><\/span>\n\t\t<\/span>\n\n\t\t\t\t\t\t<\/summary>\n\t\t\t\t<div data-particle_enable=\"false\" data-particle-mobile-disabled=\"false\" role=\"region\" aria-labelledby=\"e-n-accordion-item-1799\" class=\"elementor-element elementor-element-276781a e-flex e-con-boxed e-con e-child\" data-id=\"276781a\" data-element_type=\"container\" data-e-type=\"container\" data-settings=\"{&quot;background_background&quot;:&quot;classic&quot;}\">\n\t\t\t\t\t<div class=\"e-con-inner\">\n\t\t\t\t<div class=\"elementor-element elementor-element-2b13a01 elementor-widget elementor-widget-text-editor\" data-id=\"2b13a01\" data-element_type=\"widget\" data-e-type=\"widget\" data-widget_type=\"text-editor.default\">\n\t\t\t\t\t\t\t\t\t<p>Deelnemers : DASTRA, ADEQUACY, DATA LEGAL DRIVE (EQS-GROEP)<\/p>\t\t\t\t\t\t\t\t<\/div>\n\t\t\t\t\t<\/div>\n\t\t\t\t<\/div>\n\t\t\t\t\t<\/details>\n\t\t\t\t\t\t<details id=\"e-n-accordion-item-17910\" class=\"e-n-accordion-item\" >\n\t\t\t\t<summary class=\"e-n-accordion-item-title\" data-accordion-index=\"11\" tabindex=\"-1\" aria-expanded=\"false\" aria-controls=\"e-n-accordion-item-17910\" >\n\t\t\t\t\t<span class='e-n-accordion-item-title-header'><h4 class=\"e-n-accordion-item-title-text\"> 16.00 - 17.00: Afsluiting en netwerken <\/h4><\/span>\n\t\t\t\t\t\t\t<span class='e-n-accordion-item-title-icon'>\n\t\t\t<span class='e-opened' ><i aria-hidden=\"true\" class=\"fas fa-chevron-up\"><\/i><\/span>\n\t\t\t<span class='e-closed'><i aria-hidden=\"true\" class=\"fas fa-chevron-down\"><\/i><\/span>\n\t\t<\/span>\n\n\t\t\t\t\t\t<\/summary>\n\t\t\t\t<div data-particle_enable=\"false\" data-particle-mobile-disabled=\"false\" role=\"region\" aria-labelledby=\"e-n-accordion-item-17910\" class=\"elementor-element elementor-element-ddb135c e-flex e-con-boxed e-con e-child\" data-id=\"ddb135c\" data-element_type=\"container\" data-e-type=\"container\" data-settings=\"{&quot;background_background&quot;:&quot;classic&quot;}\">\n\t\t\t\t\t<div class=\"e-con-inner\">\n\t\t\t\t\t<\/div>\n\t\t\t\t<\/div>\n\t\t\t\t\t<\/details>\n\t\t\t\t\t<\/div>\n\t\t\t\t\t\t<\/div>\n\t\t\t\t\t<\/div>\n\t\t\t\t<\/div>\n\t\t\t\t<\/div>","protected":false},"excerpt":{"rendered":"<p>Programme DPO Forum Paris 2025 8h30 &#8211; 9h30 : Caf\u00e9 de bienvenue Caf\u00e9 d&rsquo;accueil 9h30 &#8211; 9h50 : Keynote : Fac\u00e0 l&rsquo;\u00e9tat de la menace, \u00e0 un contexte g\u00e9opolitique mouvant, le DPO, un pilier essentiel pour un organisme &#8211; Cabinet Mathias Avocats Le DPO : Pilier essentiel\u00a0pour l\u2019organisme Face \u00e0 l\u2019\u00e9tat de la menace &amp;\u00a0au [&hellip;]<\/p>\n","protected":false},"author":1,"featured_media":0,"parent":0,"menu_order":0,"comment_status":"closed","ping_status":"closed","template":"","meta":{"footnotes":""},"class_list":["post-1104","page","type-page","status-publish","hentry"],"_links":{"self":[{"href":"https:\/\/dpo-forum.eu\/nl\/wp-json\/wp\/v2\/pages\/1104","targetHints":{"allow":["GET"]}}],"collection":[{"href":"https:\/\/dpo-forum.eu\/nl\/wp-json\/wp\/v2\/pages"}],"about":[{"href":"https:\/\/dpo-forum.eu\/nl\/wp-json\/wp\/v2\/types\/page"}],"author":[{"embeddable":true,"href":"https:\/\/dpo-forum.eu\/nl\/wp-json\/wp\/v2\/users\/1"}],"replies":[{"embeddable":true,"href":"https:\/\/dpo-forum.eu\/nl\/wp-json\/wp\/v2\/comments?post=1104"}],"version-history":[{"count":4,"href":"https:\/\/dpo-forum.eu\/nl\/wp-json\/wp\/v2\/pages\/1104\/revisions"}],"predecessor-version":[{"id":1108,"href":"https:\/\/dpo-forum.eu\/nl\/wp-json\/wp\/v2\/pages\/1104\/revisions\/1108"}],"wp:attachment":[{"href":"https:\/\/dpo-forum.eu\/nl\/wp-json\/wp\/v2\/media?parent=1104"}],"curies":[{"name":"wp","href":"https:\/\/api.w.org\/{rel}","templated":true}]}}