{"id":1038,"date":"2026-02-02T16:23:32","date_gmt":"2026-02-02T15:23:32","guid":{"rendered":"https:\/\/angry-villani.57-128-39-62.plesk.page\/?page_id=1038"},"modified":"2026-03-31T12:45:33","modified_gmt":"2026-03-31T10:45:33","slug":"programme-lyon-2026","status":"publish","type":"page","link":"https:\/\/dpo-forum.eu\/nl\/programme-lyon-2026\/","title":{"rendered":"Programma Lyon 2026"},"content":{"rendered":"\t\t<div data-elementor-type=\"wp-page\" data-elementor-id=\"1038\" class=\"elementor elementor-1038\" data-elementor-post-type=\"page\">\n\t\t\t\t<div data-particle_enable=\"false\" data-particle-mobile-disabled=\"false\" class=\"elementor-element elementor-element-80b5207 e-flex e-con-boxed e-con e-parent\" data-id=\"80b5207\" data-element_type=\"container\" data-e-type=\"container\" data-settings=\"{&quot;background_background&quot;:&quot;classic&quot;}\">\n\t\t\t\t\t<div class=\"e-con-inner\">\n\t\t\t\t<div class=\"elementor-element elementor-element-ca470aa elementor-widget elementor-widget-spacer\" data-id=\"ca470aa\" data-element_type=\"widget\" data-e-type=\"widget\" data-widget_type=\"spacer.default\">\n\t\t\t\t\t\t\t<div class=\"elementor-spacer\">\n\t\t\t<div class=\"elementor-spacer-inner\"><\/div>\n\t\t<\/div>\n\t\t\t\t\t\t<\/div>\n\t\t\t\t<div class=\"elementor-element elementor-element-5696cfa elementor-widget elementor-widget-heading\" data-id=\"5696cfa\" data-element_type=\"widget\" data-e-type=\"widget\" data-widget_type=\"heading.default\">\n\t\t\t\t\t<h2 class=\"elementor-heading-title elementor-size-default\">Programme DPO Forum Lyon - 26 mars 2026<\/h2>\t\t\t\t<\/div>\n\t\t\t\t<div class=\"elementor-element elementor-element-7921563 elementor-widget elementor-widget-text-editor\" data-id=\"7921563\" data-element_type=\"widget\" data-e-type=\"widget\" data-widget_type=\"text-editor.default\">\n\t\t\t\t\t\t\t\t\t<p><u>Th\u00e8mes explor\u00e9s lors des conf\u00e9rences<\/u><\/p>\n<p>\u2022 L\u2019IA et la conformit\u00e9 RGPD, avec un focus sur l\u2019AI Act, l\u2019automatisation et la gouvernance des mod\u00e8les ;&nbsp;<\/p>\n<p>\u2022 La directive NIS2 et les enjeux de r\u00e9silience cyber, incluant obligations, supervision et articulation DPO\u2013RSSI ;&nbsp;<\/p>\n<p>\u2022 La protection des donn\u00e9es dans le cloud et les environnements hybrides, notamment en mati\u00e8re de souverainet\u00e9 et de gestion des risques tiers ;&nbsp;<\/p>\n<p>\u2022 Les transferts internationaux dans le contexte post-Schrems II ;&nbsp;<\/p>\n<p>\u2022 La gouvernance et la valorisation de la donn\u00e9e dans les strat\u00e9gies data ;&nbsp;<\/p>\n<p>\u2022 La sensibilisation et la culture de protection des donn\u00e9es au sein des organisations.<\/p>\t\t\t\t\t\t\t\t<\/div>\n\t\t\t\t<div class=\"elementor-element elementor-element-ead83ab elementor-widget elementor-widget-text-editor\" data-id=\"ead83ab\" data-element_type=\"widget\" data-e-type=\"widget\" data-widget_type=\"text-editor.default\">\n\t\t\t\t\t\t\t\t\t<p><u>Cliquez sur chaque box du programme pour d\u00e9ployer son contenu et consulter les informations relatives aux conf\u00e9rences.<\/u><\/p>\t\t\t\t\t\t\t\t<\/div>\n\t\t\t\t<div class=\"elementor-element elementor-element-bcd20a2 elementor-widget elementor-widget-n-accordion\" data-id=\"bcd20a2\" data-element_type=\"widget\" data-e-type=\"widget\" data-settings=\"{&quot;default_state&quot;:&quot;all_collapsed&quot;,&quot;max_items_expended&quot;:&quot;multiple&quot;,&quot;n_accordion_animation_duration&quot;:{&quot;unit&quot;:&quot;ms&quot;,&quot;size&quot;:400,&quot;sizes&quot;:[]}}\" data-widget_type=\"nested-accordion.default\">\n\t\t\t\t\t\t\t<div class=\"e-n-accordion\" aria-label=\"Accordion. Open links with Enter or Space, close with Escape, and navigate with Arrow Keys\">\n\t\t\t\t\t\t<details id=\"e-n-accordion-item-1970\" class=\"e-n-accordion-item\" >\n\t\t\t\t<summary class=\"e-n-accordion-item-title\" data-accordion-index=\"1\" tabindex=\"0\" aria-expanded=\"false\" aria-controls=\"e-n-accordion-item-1970\" >\n\t\t\t\t\t<span class='e-n-accordion-item-title-header'><h4 class=\"e-n-accordion-item-title-text\"> 8h30 - 9h00 : Caf\u00e9 d'accueil <\/h4><\/span>\n\t\t\t\t\t\t\t<span class='e-n-accordion-item-title-icon'>\n\t\t\t<span class='e-opened' ><i aria-hidden=\"true\" class=\"fas fa-chevron-up\"><\/i><\/span>\n\t\t\t<span class='e-closed'><i aria-hidden=\"true\" class=\"fas fa-chevron-down\"><\/i><\/span>\n\t\t<\/span>\n\n\t\t\t\t\t\t<\/summary>\n\t\t\t\t<div data-particle_enable=\"false\" data-particle-mobile-disabled=\"false\" role=\"region\" aria-labelledby=\"e-n-accordion-item-1970\" class=\"elementor-element elementor-element-d6fa9de e-con-full e-flex e-con e-child\" data-id=\"d6fa9de\" data-element_type=\"container\" data-e-type=\"container\" data-settings=\"{&quot;background_background&quot;:&quot;classic&quot;}\">\n\t\t<div data-particle_enable=\"false\" data-particle-mobile-disabled=\"false\" role=\"region\" aria-labelledby=\"e-n-accordion-item-1970\" class=\"elementor-element elementor-element-c059468 e-flex e-con-boxed e-con e-child\" data-id=\"c059468\" data-element_type=\"container\" data-e-type=\"container\">\n\t\t\t\t\t<div class=\"e-con-inner\">\n\t\t\t\t<div class=\"elementor-element elementor-element-6978263 elementor-widget elementor-widget-text-editor\" data-id=\"6978263\" data-element_type=\"widget\" data-e-type=\"widget\" data-widget_type=\"text-editor.default\">\n\t\t\t\t\t\t\t\t\t<p>Bienvenue ! Notre \u00e9quipe vous accueillera pour vous fournir un badge et d\u00e9marrer la journ\u00e9e autour d\u2019un caf\u00e9.<\/p>\t\t\t\t\t\t\t\t<\/div>\n\t\t\t\t\t<\/div>\n\t\t\t\t<\/div>\n\t\t\t\t<\/div>\n\t\t\t\t\t<\/details>\n\t\t\t\t\t\t<details id=\"e-n-accordion-item-1971\" class=\"e-n-accordion-item\" >\n\t\t\t\t<summary class=\"e-n-accordion-item-title\" data-accordion-index=\"2\" tabindex=\"-1\" aria-expanded=\"false\" aria-controls=\"e-n-accordion-item-1971\" >\n\t\t\t\t\t<span class='e-n-accordion-item-title-header'><h4 class=\"e-n-accordion-item-title-text\"> 9h15 - 9h35 : Keynote - Matthieu Camus (Privacy Impact) <\/h4><\/span>\n\t\t\t\t\t\t\t<span class='e-n-accordion-item-title-icon'>\n\t\t\t<span class='e-opened' ><i aria-hidden=\"true\" class=\"fas fa-chevron-up\"><\/i><\/span>\n\t\t\t<span class='e-closed'><i aria-hidden=\"true\" class=\"fas fa-chevron-down\"><\/i><\/span>\n\t\t<\/span>\n\n\t\t\t\t\t\t<\/summary>\n\t\t\t\t<div data-particle_enable=\"false\" data-particle-mobile-disabled=\"false\" role=\"region\" aria-labelledby=\"e-n-accordion-item-1971\" class=\"elementor-element elementor-element-cfd75c6 e-con-full e-flex e-con e-child\" data-id=\"cfd75c6\" data-element_type=\"container\" data-e-type=\"container\" data-settings=\"{&quot;background_background&quot;:&quot;classic&quot;}\">\n\t\t\t\t<div class=\"elementor-element elementor-element-d49e683 elementor-widget elementor-widget-text-editor\" data-id=\"d49e683\" data-element_type=\"widget\" data-e-type=\"widget\" data-widget_type=\"text-editor.default\">\n\t\t\t\t\t\t\t\t\t<p><strong><span style=\"text-decoration: underline;\">Digital Omnibus, RGPD &amp; IA : quelles \u00e9volutions de nos pratiques ?<\/span><\/strong><\/p><p>Dans son intervention, il pr\u00e9sente les modifications envisag\u00e9es de l\u2019AI Act et du RGPD dans le cadre du projet Digital Omnibus, les positions exprim\u00e9es par le Comit\u00e9 europ\u00e9en et le Contr\u00f4leur europ\u00e9en de la protection des donn\u00e9es, ainsi que les \u00e9volutions potentielles de nos pratiques professionnelles et les modalit\u00e9s d\u2019int\u00e9gration des enjeux de l\u2019IA dans une version r\u00e9vis\u00e9e du RGPD.<\/p>\t\t\t\t\t\t\t\t<\/div>\n\t\t\t\t<\/div>\n\t\t\t\t\t<\/details>\n\t\t\t\t\t\t<details id=\"e-n-accordion-item-1972\" class=\"e-n-accordion-item\" >\n\t\t\t\t<summary class=\"e-n-accordion-item-title\" data-accordion-index=\"3\" tabindex=\"-1\" aria-expanded=\"false\" aria-controls=\"e-n-accordion-item-1972\" >\n\t\t\t\t\t<span class='e-n-accordion-item-title-header'><h4 class=\"e-n-accordion-item-title-text\"> 9h35 - 9h55 : Conf\u00e9rence 1 - Romain Bidault, Co-fondateur et directeur commercial de Dastra <\/h4><\/span>\n\t\t\t\t\t\t\t<span class='e-n-accordion-item-title-icon'>\n\t\t\t<span class='e-opened' ><i aria-hidden=\"true\" class=\"fas fa-chevron-up\"><\/i><\/span>\n\t\t\t<span class='e-closed'><i aria-hidden=\"true\" class=\"fas fa-chevron-down\"><\/i><\/span>\n\t\t<\/span>\n\n\t\t\t\t\t\t<\/summary>\n\t\t\t\t<div data-particle_enable=\"false\" data-particle-mobile-disabled=\"false\" role=\"region\" aria-labelledby=\"e-n-accordion-item-1972\" class=\"elementor-element elementor-element-40b41e7 e-con-full e-flex e-con e-child\" data-id=\"40b41e7\" data-element_type=\"container\" data-e-type=\"container\" data-settings=\"{&quot;background_background&quot;:&quot;classic&quot;}\">\n\t\t\t\t<div class=\"elementor-element elementor-element-761e95e elementor-widget elementor-widget-text-editor\" data-id=\"761e95e\" data-element_type=\"widget\" data-e-type=\"widget\" data-widget_type=\"text-editor.default\">\n\t\t\t\t\t\t\t\t\t<p><strong><span style=\"text-decoration: underline;\">Le DPO de demain : acteur cl\u00e9 de la conformit\u00e9 globale<\/span><\/strong><\/p><p>La conf\u00e9rence mettra en lumi\u00e8re les b\u00e9n\u00e9fices d\u2019un DPO pleinement int\u00e9gr\u00e9 \u00e0 la gouvernance des donn\u00e9es : meilleure anticipation des risques, pilotage strat\u00e9gique renforc\u00e9 et conformit\u00e9 simplifi\u00e9e.<\/p>\t\t\t\t\t\t\t\t<\/div>\n\t\t\t\t<\/div>\n\t\t\t\t\t<\/details>\n\t\t\t\t\t\t<details id=\"e-n-accordion-item-1973\" class=\"e-n-accordion-item\" >\n\t\t\t\t<summary class=\"e-n-accordion-item-title\" data-accordion-index=\"4\" tabindex=\"-1\" aria-expanded=\"false\" aria-controls=\"e-n-accordion-item-1973\" >\n\t\t\t\t\t<span class='e-n-accordion-item-title-header'><h4 class=\"e-n-accordion-item-title-text\"> 9h55 - 10h15 : Conf\u00e9rence 2 - C\u00e9line Gallay, Directrice G\u00e9n\u00e9rale de Phenix Privacy <\/h4><\/span>\n\t\t\t\t\t\t\t<span class='e-n-accordion-item-title-icon'>\n\t\t\t<span class='e-opened' ><i aria-hidden=\"true\" class=\"fas fa-chevron-up\"><\/i><\/span>\n\t\t\t<span class='e-closed'><i aria-hidden=\"true\" class=\"fas fa-chevron-down\"><\/i><\/span>\n\t\t<\/span>\n\n\t\t\t\t\t\t<\/summary>\n\t\t\t\t<div data-particle_enable=\"false\" data-particle-mobile-disabled=\"false\" role=\"region\" aria-labelledby=\"e-n-accordion-item-1973\" class=\"elementor-element elementor-element-676ca3a e-con-full e-flex e-con e-child\" data-id=\"676ca3a\" data-element_type=\"container\" data-e-type=\"container\" data-settings=\"{&quot;background_background&quot;:&quot;classic&quot;}\">\n\t\t\t\t<div class=\"elementor-element elementor-element-786aa51 elementor-widget elementor-widget-text-editor\" data-id=\"786aa51\" data-element_type=\"widget\" data-e-type=\"widget\" data-widget_type=\"text-editor.default\">\n\t\t\t\t\t\t\t\t\t<div><span style=\"text-decoration: underline;\"><b data-olk-copy-source=\"MessageBody\">Une IA \u00c9thique c&rsquo;est quoi exactement ? Pr\u00e9sentation de la d\u00e9marche \u00ab\u00a0Ethics by Design\u00a0\u00bb<\/b><\/span><\/div><div>\u00a0<\/div><div>Cette conf\u00e9rence propose des rep\u00e8res concrets pour int\u00e9grer les exigences de l\u2019AI Act d\u00e8s la conception des projets.<\/div><div>Nous allons vous aider \u00e0 comprendre ce qu&rsquo;on peut attendre d&rsquo;une IA de confiance en abordant les crit\u00e8res d&rsquo;une IA Ethique by design et les r\u00e9f\u00e9rentiels\/outils que vous pouvez utiliser.<\/div>\t\t\t\t\t\t\t\t<\/div>\n\t\t\t\t<\/div>\n\t\t\t\t\t<\/details>\n\t\t\t\t\t\t<details id=\"e-n-accordion-item-1974\" class=\"e-n-accordion-item\" >\n\t\t\t\t<summary class=\"e-n-accordion-item-title\" data-accordion-index=\"5\" tabindex=\"-1\" aria-expanded=\"false\" aria-controls=\"e-n-accordion-item-1974\" >\n\t\t\t\t\t<span class='e-n-accordion-item-title-header'><h4 class=\"e-n-accordion-item-title-text\"> 10h30 - 11h15 : Pause Caf\u00e9 &amp; Networking <\/h4><\/span>\n\t\t\t\t\t\t\t<span class='e-n-accordion-item-title-icon'>\n\t\t\t<span class='e-opened' ><i aria-hidden=\"true\" class=\"fas fa-chevron-up\"><\/i><\/span>\n\t\t\t<span class='e-closed'><i aria-hidden=\"true\" class=\"fas fa-chevron-down\"><\/i><\/span>\n\t\t<\/span>\n\n\t\t\t\t\t\t<\/summary>\n\t\t\t\t<div data-particle_enable=\"false\" data-particle-mobile-disabled=\"false\" role=\"region\" aria-labelledby=\"e-n-accordion-item-1974\" class=\"elementor-element elementor-element-0c1b54d e-con-full e-flex e-con e-child\" data-id=\"0c1b54d\" data-element_type=\"container\" data-e-type=\"container\" data-settings=\"{&quot;background_background&quot;:&quot;classic&quot;}\">\n\t\t\t\t<\/div>\n\t\t\t\t\t<\/details>\n\t\t\t\t\t\t<details id=\"e-n-accordion-item-1975\" class=\"e-n-accordion-item\" >\n\t\t\t\t<summary class=\"e-n-accordion-item-title\" data-accordion-index=\"6\" tabindex=\"-1\" aria-expanded=\"false\" aria-controls=\"e-n-accordion-item-1975\" >\n\t\t\t\t\t<span class='e-n-accordion-item-title-header'><h4 class=\"e-n-accordion-item-title-text\"> 11h15 - 11h35 : Conf\u00e9rence 3 - Natacha Bialek-Djeghdali, AFCDP <\/h4><\/span>\n\t\t\t\t\t\t\t<span class='e-n-accordion-item-title-icon'>\n\t\t\t<span class='e-opened' ><i aria-hidden=\"true\" class=\"fas fa-chevron-up\"><\/i><\/span>\n\t\t\t<span class='e-closed'><i aria-hidden=\"true\" class=\"fas fa-chevron-down\"><\/i><\/span>\n\t\t<\/span>\n\n\t\t\t\t\t\t<\/summary>\n\t\t\t\t<div data-particle_enable=\"false\" data-particle-mobile-disabled=\"false\" role=\"region\" aria-labelledby=\"e-n-accordion-item-1975\" class=\"elementor-element elementor-element-1668a69 e-con-full e-flex e-con e-child\" data-id=\"1668a69\" data-element_type=\"container\" data-e-type=\"container\" data-settings=\"{&quot;background_background&quot;:&quot;classic&quot;}\">\n\t\t\t\t<div class=\"elementor-element elementor-element-15ed0d9 elementor-widget elementor-widget-text-editor\" data-id=\"15ed0d9\" data-element_type=\"widget\" data-e-type=\"widget\" data-widget_type=\"text-editor.default\">\n\t\t\t\t\t\t\t\t\t<p data-olk-copy-source=\"MessageBody\"><span style=\"text-decoration: underline;\"><strong>Du RGPD \u00e0 la Cybers\u00e9curit\u00e9: comment le DPO devient un acteur cl\u00e9 de la r\u00e9silience num\u00e9rique ?<\/strong><\/span><\/p><p>Le RGPD constitue aujourd\u2019hui la premi\u00e8re pierre de la s\u00e9curisation des donn\u00e9es personnelles et, plus largement, des syst\u00e8mes d\u2019information, positionnant naturellement le DPO au c\u0153ur des enjeux de r\u00e9silience num\u00e9rique.<br \/>Dans un contexte o\u00f9 les atteintes aux syst\u00e8mes d\u2019information se multiplient, notamment sous l\u2019effet de la mont\u00e9e des cyberattaques, le DPO est amen\u00e9 \u00e0 d\u00e9passer la seule conformit\u00e9 en int\u00e9grant une v\u00e9ritable d\u00e9marche d\u2019anticipation et de gestion des risques.<br \/>Gr\u00e2ce \u00e0 sa vision transversale et \u00e0 son r\u00f4le d\u2019interface entre les m\u00e9tiers, il devient ainsi un acteur strat\u00e9gique incontournable de la r\u00e9silience num\u00e9rique des organisations.<\/p>\t\t\t\t\t\t\t\t<\/div>\n\t\t\t\t<\/div>\n\t\t\t\t\t<\/details>\n\t\t\t\t\t\t<details id=\"e-n-accordion-item-1976\" class=\"e-n-accordion-item\" >\n\t\t\t\t<summary class=\"e-n-accordion-item-title\" data-accordion-index=\"7\" tabindex=\"-1\" aria-expanded=\"false\" aria-controls=\"e-n-accordion-item-1976\" >\n\t\t\t\t\t<span class='e-n-accordion-item-title-header'><h4 class=\"e-n-accordion-item-title-text\"> 11h35 - 11h55 : Conf\u00e9rence 4 - Valentin S\u00e9n\u00e9chal, EQS group <\/h4><\/span>\n\t\t\t\t\t\t\t<span class='e-n-accordion-item-title-icon'>\n\t\t\t<span class='e-opened' ><i aria-hidden=\"true\" class=\"fas fa-chevron-up\"><\/i><\/span>\n\t\t\t<span class='e-closed'><i aria-hidden=\"true\" class=\"fas fa-chevron-down\"><\/i><\/span>\n\t\t<\/span>\n\n\t\t\t\t\t\t<\/summary>\n\t\t\t\t<div data-particle_enable=\"false\" data-particle-mobile-disabled=\"false\" role=\"region\" aria-labelledby=\"e-n-accordion-item-1976\" class=\"elementor-element elementor-element-2837e84 e-con-full e-flex e-con e-child\" data-id=\"2837e84\" data-element_type=\"container\" data-e-type=\"container\" data-settings=\"{&quot;background_background&quot;:&quot;classic&quot;}\">\n\t\t\t\t<div class=\"elementor-element elementor-element-9865b91 elementor-widget elementor-widget-text-editor\" data-id=\"9865b91\" data-element_type=\"widget\" data-e-type=\"widget\" data-widget_type=\"text-editor.default\">\n\t\t\t\t\t\t\t\t\t<p><span style=\"text-decoration: underline;\"><strong>Au-del\u00e0 de la formation RGPD : structurer une sensibilisation durable pour renforcer la conformit\u00e9\u00a0<\/strong><\/span><\/p><p><span data-contrast=\"none\">De nombreuses organisations ont d\u00e9ploy\u00e9 des formations RGPD. Pourtant, les incidents li\u00e9s aux usages num\u00e9riques et aux erreurs humaines persistent.<\/span> <span data-contrast=\"none\">La formation transmet des connaissances ; la sensibilisation, elle, installe des r\u00e9flexes et des comportements durables.<\/span><span data-ccp-props=\"{&quot;134233117&quot;:false,&quot;134233118&quot;:false,&quot;335551550&quot;:1,&quot;335551620&quot;:1,&quot;335557856&quot;:16777215,&quot;335559738&quot;:225,&quot;335559739&quot;:225}\">\u00a0<\/span><span data-contrast=\"none\">Dans un contexte d\u2019IA g\u00e9n\u00e9rative et d\u2019acc\u00e9l\u00e9ration digitale, la sensibilisation devient un levier structurant de conformit\u00e9 et de gestion du risque.<\/span> <span data-contrast=\"none\">Retour d\u2019exp\u00e9rience et pistes concr\u00e8tes pour les DPO souhaitant renforcer l\u2019efficacit\u00e9 de leur d\u00e9marche.<\/span><span data-ccp-props=\"{&quot;134233117&quot;:false,&quot;134233118&quot;:false,&quot;335551550&quot;:1,&quot;335551620&quot;:1,&quot;335557856&quot;:16777215,&quot;335559738&quot;:225,&quot;335559739&quot;:225}\">\u00a0<\/span><\/p>\t\t\t\t\t\t\t\t<\/div>\n\t\t\t\t<\/div>\n\t\t\t\t\t<\/details>\n\t\t\t\t\t\t<details id=\"e-n-accordion-item-1977\" class=\"e-n-accordion-item\" >\n\t\t\t\t<summary class=\"e-n-accordion-item-title\" data-accordion-index=\"8\" tabindex=\"-1\" aria-expanded=\"false\" aria-controls=\"e-n-accordion-item-1977\" >\n\t\t\t\t\t<span class='e-n-accordion-item-title-header'><h4 class=\"e-n-accordion-item-title-text\"> 11h55 - 12h15 : Conf\u00e9rence 5 - Anisse Chagraoui, NELSE <\/h4><\/span>\n\t\t\t\t\t\t\t<span class='e-n-accordion-item-title-icon'>\n\t\t\t<span class='e-opened' ><i aria-hidden=\"true\" class=\"fas fa-chevron-up\"><\/i><\/span>\n\t\t\t<span class='e-closed'><i aria-hidden=\"true\" class=\"fas fa-chevron-down\"><\/i><\/span>\n\t\t<\/span>\n\n\t\t\t\t\t\t<\/summary>\n\t\t\t\t<div data-particle_enable=\"false\" data-particle-mobile-disabled=\"false\" role=\"region\" aria-labelledby=\"e-n-accordion-item-1977\" class=\"elementor-element elementor-element-7dcaefa e-con-full e-flex e-con e-child\" data-id=\"7dcaefa\" data-element_type=\"container\" data-e-type=\"container\" data-settings=\"{&quot;background_background&quot;:&quot;classic&quot;}\">\n\t\t\t\t<div class=\"elementor-element elementor-element-1875a5a elementor-widget elementor-widget-text-editor\" data-id=\"1875a5a\" data-element_type=\"widget\" data-e-type=\"widget\" data-widget_type=\"text-editor.default\">\n\t\t\t\t\t\t\t\t\t<p><span style=\"text-decoration: underline;\"><strong>Droit et num\u00e9rique en sant\u00e9 : attrape-moi si tu peux !\u00a0<\/strong><\/span><\/p><p><span data-contrast=\"none\">La technologie transforme les pratiques plus vite que le l\u00e9gislateur ne l\u00e9gif\u00e8re. Dans ce contexte, le DPO et le RSSI se retrouvent \u00e0 naviguer dans un espace normatif fragment\u00e9, entre RGPD, AI Act, NIS 2, r\u00e9glementation des dispositifs m\u00e9dicaux et droit de la recherche clinique. Cette intervention introduit deux concepts \u00e9mergents : celui de\u00a0<\/span><i><span data-contrast=\"none\">corps num\u00e9rique<\/span><\/i><span data-contrast=\"none\">\u00a0\u2014 la projection informationnelle du patient dans les syst\u00e8mes num\u00e9riques, aujourd&rsquo;hui sans statut juridique stabilis\u00e9 \u2014 et celui d&rsquo;<\/span><i><span data-contrast=\"none\">interop\u00e9rabilit\u00e9 juridique et r\u00e9glementaire<\/span><\/i><span data-contrast=\"none\">, une approche visant \u00e0 repenser l&rsquo;articulation entre normes et syst\u00e8mes d&rsquo;information en sant\u00e9. Elle ouvrira sur les pistes envisageables pour y r\u00e9pondre, dont la gouvernance assist\u00e9e par l&rsquo;IA, et invitera les participants \u00e0 contribuer \u00e0 un livre blanc en cours d&rsquo;\u00e9laboration sur ces questions.<\/span><\/p>\t\t\t\t\t\t\t\t<\/div>\n\t\t\t\t<\/div>\n\t\t\t\t\t<\/details>\n\t\t\t\t\t\t<details id=\"e-n-accordion-item-1978\" class=\"e-n-accordion-item\" >\n\t\t\t\t<summary class=\"e-n-accordion-item-title\" data-accordion-index=\"9\" tabindex=\"-1\" aria-expanded=\"false\" aria-controls=\"e-n-accordion-item-1978\" >\n\t\t\t\t\t<span class='e-n-accordion-item-title-header'><h4 class=\"e-n-accordion-item-title-text\"> 12h30 - 14h30 : Pause D\u00e9jeuner &amp; Networking <\/h4><\/span>\n\t\t\t\t\t\t\t<span class='e-n-accordion-item-title-icon'>\n\t\t\t<span class='e-opened' ><i aria-hidden=\"true\" class=\"fas fa-chevron-up\"><\/i><\/span>\n\t\t\t<span class='e-closed'><i aria-hidden=\"true\" class=\"fas fa-chevron-down\"><\/i><\/span>\n\t\t<\/span>\n\n\t\t\t\t\t\t<\/summary>\n\t\t\t\t<div data-particle_enable=\"false\" data-particle-mobile-disabled=\"false\" role=\"region\" aria-labelledby=\"e-n-accordion-item-1978\" class=\"elementor-element elementor-element-4b81532 e-flex e-con-boxed e-con e-child\" data-id=\"4b81532\" data-element_type=\"container\" data-e-type=\"container\" data-settings=\"{&quot;background_background&quot;:&quot;classic&quot;}\">\n\t\t\t\t\t<div class=\"e-con-inner\">\n\t\t\t\t\t<\/div>\n\t\t\t\t<\/div>\n\t\t\t\t\t<\/details>\n\t\t\t\t\t\t<details id=\"e-n-accordion-item-1979\" class=\"e-n-accordion-item\" >\n\t\t\t\t<summary class=\"e-n-accordion-item-title\" data-accordion-index=\"10\" tabindex=\"-1\" aria-expanded=\"false\" aria-controls=\"e-n-accordion-item-1979\" >\n\t\t\t\t\t<span class='e-n-accordion-item-title-header'><h4 class=\"e-n-accordion-item-title-text\"> 14h30 - 15h30 : Table Ronde NIS2, RGPD et IA : allier conformit\u00e9 et innovation <\/h4><\/span>\n\t\t\t\t\t\t\t<span class='e-n-accordion-item-title-icon'>\n\t\t\t<span class='e-opened' ><i aria-hidden=\"true\" class=\"fas fa-chevron-up\"><\/i><\/span>\n\t\t\t<span class='e-closed'><i aria-hidden=\"true\" class=\"fas fa-chevron-down\"><\/i><\/span>\n\t\t<\/span>\n\n\t\t\t\t\t\t<\/summary>\n\t\t\t\t<div data-particle_enable=\"false\" data-particle-mobile-disabled=\"false\" role=\"region\" aria-labelledby=\"e-n-accordion-item-1979\" class=\"elementor-element elementor-element-8066a6a e-con-full e-flex e-con e-child\" data-id=\"8066a6a\" data-element_type=\"container\" data-e-type=\"container\" data-settings=\"{&quot;background_background&quot;:&quot;classic&quot;}\">\n\t\t\t\t<div class=\"elementor-element elementor-element-fdff3ec elementor-widget elementor-widget-text-editor\" data-id=\"fdff3ec\" data-element_type=\"widget\" data-e-type=\"widget\" data-widget_type=\"text-editor.default\">\n\t\t\t\t\t\t\t\t\t<p>Cette table ronde, anim\u00e9e par <strong>Matthieu Camus<\/strong>, r\u00e9unit les acteurs cl\u00e9s : Romain Bidault de <strong>Dastra,<\/strong> Valentin S\u00e9n\u00e9chal d&rsquo;<strong>EQS <\/strong>et le chercheur en droit des donn\u00e9es<strong>\u00a0Anisse Chagraoui<\/strong>\u00a0pour explorer les enjeux crois\u00e9s de la directive NIS2, du RGPD et de l\u2019intelligence artificielle. Pendant une heure, les intervenants analyseront comment concilier exigences r\u00e9glementaires et dynamique d\u2019innovation, en mettant en lumi\u00e8re les bonnes pratiques, les d\u00e9fis op\u00e9rationnels et les opportunit\u00e9s strat\u00e9giques pour les organisations.<\/p><p>Le public aura \u00e9galement l\u2019opportunit\u00e9 de poser ses questions et d\u2019\u00e9changer directement avec les experts !<\/p>\t\t\t\t\t\t\t\t<\/div>\n\t\t\t\t<\/div>\n\t\t\t\t\t<\/details>\n\t\t\t\t\t\t<details id=\"e-n-accordion-item-19710\" class=\"e-n-accordion-item\" >\n\t\t\t\t<summary class=\"e-n-accordion-item-title\" data-accordion-index=\"11\" tabindex=\"-1\" aria-expanded=\"false\" aria-controls=\"e-n-accordion-item-19710\" >\n\t\t\t\t\t<span class='e-n-accordion-item-title-header'><h4 class=\"e-n-accordion-item-title-text\"> 15h30 - 17h00 : Cl\u00f4ture &amp; Networking <\/h4><\/span>\n\t\t\t\t\t\t\t<span class='e-n-accordion-item-title-icon'>\n\t\t\t<span class='e-opened' ><i aria-hidden=\"true\" class=\"fas fa-chevron-up\"><\/i><\/span>\n\t\t\t<span class='e-closed'><i aria-hidden=\"true\" class=\"fas fa-chevron-down\"><\/i><\/span>\n\t\t<\/span>\n\n\t\t\t\t\t\t<\/summary>\n\t\t\t\t<div data-particle_enable=\"false\" data-particle-mobile-disabled=\"false\" role=\"region\" aria-labelledby=\"e-n-accordion-item-19710\" class=\"elementor-element elementor-element-d66b7e9 e-flex e-con-boxed e-con e-child\" data-id=\"d66b7e9\" data-element_type=\"container\" data-e-type=\"container\" data-settings=\"{&quot;background_background&quot;:&quot;classic&quot;}\">\n\t\t\t\t\t<div class=\"e-con-inner\">\n\t\t\t\t\t<\/div>\n\t\t\t\t<\/div>\n\t\t\t\t\t<\/details>\n\t\t\t\t\t<\/div>\n\t\t\t\t\t\t<\/div>\n\t\t\t\t\t<\/div>\n\t\t\t\t<\/div>\n\t\t<div data-particle_enable=\"false\" data-particle-mobile-disabled=\"false\" class=\"elementor-element elementor-element-d2630d3 e-flex e-con-boxed e-con e-parent\" data-id=\"d2630d3\" data-element_type=\"container\" data-e-type=\"container\" data-settings=\"{&quot;background_background&quot;:&quot;classic&quot;}\">\n\t\t\t\t\t<div class=\"e-con-inner\">\n\t\t\t\t<div class=\"elementor-element elementor-element-323ff36 elementor-widget__width-initial elementor-widget elementor-widget-button\" data-id=\"323ff36\" data-element_type=\"widget\" data-e-type=\"widget\" data-widget_type=\"button.default\">\n\t\t\t\t\t\t\t\t\t\t<a class=\"elementor-button elementor-button-link elementor-size-sm\" href=\"https:\/\/markcomevent772-my.sharepoint.com\/:f:\/g\/personal\/lucie_mark-com_com\/IgD9gMkDNHXtS50VTNByIB9TAfkJqaehosqfnuSCOHViIlw?e=HP4PzF\" target=\"_blank\" rel=\"noopener\">\n\t\t\t\t\t\t<span class=\"elementor-button-content-wrapper\">\n\t\t\t\t\t\t\t\t\t<span class=\"elementor-button-text\">Acc\u00e9der aux slides des conf\u00e9rences<\/span>\n\t\t\t\t\t<\/span>\n\t\t\t\t\t<\/a>\n\t\t\t\t\t\t\t\t<\/div>\n\t\t\t\t\t<\/div>\n\t\t\t\t<\/div>\n\t\t<div data-particle_enable=\"false\" data-particle-mobile-disabled=\"false\" class=\"elementor-element elementor-element-1379c2b e-flex e-con-boxed e-con e-parent\" data-id=\"1379c2b\" data-element_type=\"container\" data-e-type=\"container\" data-settings=\"{&quot;background_background&quot;:&quot;classic&quot;}\">\n\t\t\t\t\t<div class=\"e-con-inner\">\n\t\t<div data-particle_enable=\"false\" data-particle-mobile-disabled=\"false\" class=\"elementor-element elementor-element-798b9af e-con-full e-flex e-con e-child\" data-id=\"798b9af\" data-element_type=\"container\" data-e-type=\"container\">\n\t\t\t\t<div class=\"elementor-element elementor-element-f537dd6 elementor-widget elementor-widget-image\" data-id=\"f537dd6\" data-element_type=\"widget\" data-e-type=\"widget\" data-widget_type=\"image.default\">\n\t\t\t\t\t\t\t\t\t\t\t\t\t\t\t\t<a href=\"https:\/\/www.privacyimpact.fr\/\" target=\"_blank\" rel=\"noopener\">\n\t\t\t\t\t\t\t<img fetchpriority=\"high\" decoding=\"async\" width=\"1580\" height=\"988\" src=\"https:\/\/dpo-forum.eu\/wp-content\/uploads\/Capture-decran-2026-03-17-a-12.46.31.png\" class=\"attachment-large size-large wp-image-1824\" alt=\",\" srcset=\"https:\/\/dpo-forum.eu\/wp-content\/uploads\/Capture-decran-2026-03-17-a-12.46.31.png 1580w, https:\/\/dpo-forum.eu\/wp-content\/uploads\/Capture-decran-2026-03-17-a-12.46.31-768x480.png 768w, https:\/\/dpo-forum.eu\/wp-content\/uploads\/Capture-decran-2026-03-17-a-12.46.31-1536x960.png 1536w, https:\/\/dpo-forum.eu\/wp-content\/uploads\/Capture-decran-2026-03-17-a-12.46.31-18x12.png 18w\" sizes=\"(max-width: 1580px) 100vw, 1580px\" title=\"\">\t\t\t\t\t\t\t\t<\/a>\n\t\t\t\t\t\t\t\t\t\t\t\t\t\t\t<\/div>\n\t\t\t\t<\/div>\n\t\t<div data-particle_enable=\"false\" data-particle-mobile-disabled=\"false\" class=\"elementor-element elementor-element-0c5a818 e-con-full e-flex e-con e-child\" data-id=\"0c5a818\" data-element_type=\"container\" data-e-type=\"container\">\n\t\t\t\t<div class=\"elementor-element elementor-element-a7bb695 elementor-widget elementor-widget-text-editor\" data-id=\"a7bb695\" data-element_type=\"widget\" data-e-type=\"widget\" data-widget_type=\"text-editor.default\">\n\t\t\t\t\t\t\t\t\t<p><strong>Matthieu Camus<\/strong> est un expert en gestion des risques li\u00e9s \u00e0 la data, \u00e0 la cybers\u00e9curit\u00e9 et \u00e0 l\u2019intelligence artificielle.<\/p><p>Apr\u00e8s une premi\u00e8re d\u00e9cennie consacr\u00e9e au d\u00e9veloppement d\u2019algorithmes d\u2019IA, il accompagne depuis 2012, avec son entreprise Privacy Impact, les organisations dans la mise en place de cadres s\u00e9curis\u00e9s conciliant innovation et protection des libert\u00e9s fondamentales.<\/p><p>Lors de cette \u00e9dition, il assurera la keynote et animera la table ronde.<\/p>\t\t\t\t\t\t\t\t<\/div>\n\t\t\t\t<\/div>\n\t\t\t\t\t<\/div>\n\t\t\t\t<\/div>\n\t\t<div data-particle_enable=\"false\" data-particle-mobile-disabled=\"false\" class=\"elementor-element elementor-element-6dfec88 e-flex e-con-boxed e-con e-parent\" data-id=\"6dfec88\" data-element_type=\"container\" data-e-type=\"container\" data-settings=\"{&quot;background_background&quot;:&quot;classic&quot;}\">\n\t\t\t\t\t<div class=\"e-con-inner\">\n\t\t<div data-particle_enable=\"false\" data-particle-mobile-disabled=\"false\" class=\"elementor-element elementor-element-c49bf1c e-con-full e-flex e-con e-child\" data-id=\"c49bf1c\" data-element_type=\"container\" data-e-type=\"container\">\n\t\t\t\t<div class=\"elementor-element elementor-element-5ed816d elementor-widget elementor-widget-image\" data-id=\"5ed816d\" data-element_type=\"widget\" data-e-type=\"widget\" data-widget_type=\"image.default\">\n\t\t\t\t\t\t\t\t\t\t\t\t\t\t\t\t<a href=\"https:\/\/www.dastra.eu\/fr\" target=\"_blank\" rel=\"noopener\">\n\t\t\t\t\t\t\t<img decoding=\"async\" width=\"1588\" height=\"986\" src=\"https:\/\/dpo-forum.eu\/wp-content\/uploads\/Capture-decran-2026-03-17-a-12.47.32.png\" class=\"attachment-large size-large wp-image-1825\" alt=\",\" srcset=\"https:\/\/dpo-forum.eu\/wp-content\/uploads\/Capture-decran-2026-03-17-a-12.47.32.png 1588w, https:\/\/dpo-forum.eu\/wp-content\/uploads\/Capture-decran-2026-03-17-a-12.47.32-768x477.png 768w, https:\/\/dpo-forum.eu\/wp-content\/uploads\/Capture-decran-2026-03-17-a-12.47.32-1536x954.png 1536w, https:\/\/dpo-forum.eu\/wp-content\/uploads\/Capture-decran-2026-03-17-a-12.47.32-18x12.png 18w\" sizes=\"(max-width: 1588px) 100vw, 1588px\" title=\"\">\t\t\t\t\t\t\t\t<\/a>\n\t\t\t\t\t\t\t\t\t\t\t\t\t\t\t<\/div>\n\t\t\t\t<\/div>\n\t\t<div data-particle_enable=\"false\" data-particle-mobile-disabled=\"false\" class=\"elementor-element elementor-element-01b3f81 e-con-full e-flex e-con e-child\" data-id=\"01b3f81\" data-element_type=\"container\" data-e-type=\"container\">\n\t\t\t\t<div class=\"elementor-element elementor-element-fbf8278 elementor-widget elementor-widget-text-editor\" data-id=\"fbf8278\" data-element_type=\"widget\" data-e-type=\"widget\" data-widget_type=\"text-editor.default\">\n\t\t\t\t\t\t\t\t\t<p><strong>Romain Bidault<\/strong> est co-fondateur de <strong>Dastra<\/strong>, la plateforme SaaS fran\u00e7aise d\u00e9di\u00e9e \u00e0 la gouvernance des donn\u00e9es personnelles et \u00e0 la conformit\u00e9 r\u00e9glementaire, pens\u00e9e pour les DPO et les \u00e9quipes compliance. Il occupe \u00e9galement le r\u00f4le de Directeur Commercial au sein de l\u2019entreprise, o\u00f9 il met \u00e0 profit sa longue exp\u00e9rience dans les technologies SaaS, la donn\u00e9e et l\u2019accompagnement des organisations. Aux c\u00f4t\u00e9s de ses cofondateurs, dont J\u00e9r\u00f4me de Mercey, ancien de la CNIL, Romain contribue \u00e0 faire \u00e9voluer la conformit\u00e9 RGPD vers une approche plus op\u00e9rationnelle, orient\u00e9e collaboration transverse et pilotage strat\u00e9gique. Sa vision data-centric vise \u00e0 simplifier et rendre accessible la conformit\u00e9 pour les entreprises, tout en valorisant le r\u00f4le du DPO comme acteur central de la gouvernance des donn\u00e9es.<\/p>\t\t\t\t\t\t\t\t<\/div>\n\t\t\t\t<\/div>\n\t\t\t\t\t<\/div>\n\t\t\t\t<\/div>\n\t\t<div data-particle_enable=\"false\" data-particle-mobile-disabled=\"false\" class=\"elementor-element elementor-element-571ab3a e-flex e-con-boxed e-con e-parent\" data-id=\"571ab3a\" data-element_type=\"container\" data-e-type=\"container\" data-settings=\"{&quot;background_background&quot;:&quot;classic&quot;}\">\n\t\t\t\t\t<div class=\"e-con-inner\">\n\t\t<div data-particle_enable=\"false\" data-particle-mobile-disabled=\"false\" class=\"elementor-element elementor-element-632fbee e-con-full e-flex e-con e-child\" data-id=\"632fbee\" data-element_type=\"container\" data-e-type=\"container\">\n\t\t\t\t<div class=\"elementor-element elementor-element-2fbe446 elementor-widget elementor-widget-image\" data-id=\"2fbe446\" data-element_type=\"widget\" data-e-type=\"widget\" data-widget_type=\"image.default\">\n\t\t\t\t\t\t\t\t\t\t\t\t\t\t\t\t<a href=\"https:\/\/phenix-privacy.com\/qui-sommes-nous\/\" target=\"_blank\" rel=\"noopener\">\n\t\t\t\t\t\t\t<img decoding=\"async\" width=\"1588\" height=\"990\" src=\"https:\/\/dpo-forum.eu\/wp-content\/uploads\/Capture-decran-2026-03-17-a-12.57.40.png\" class=\"attachment-large size-large wp-image-1827\" alt=\",\" srcset=\"https:\/\/dpo-forum.eu\/wp-content\/uploads\/Capture-decran-2026-03-17-a-12.57.40.png 1588w, https:\/\/dpo-forum.eu\/wp-content\/uploads\/Capture-decran-2026-03-17-a-12.57.40-768x479.png 768w, https:\/\/dpo-forum.eu\/wp-content\/uploads\/Capture-decran-2026-03-17-a-12.57.40-1536x958.png 1536w, https:\/\/dpo-forum.eu\/wp-content\/uploads\/Capture-decran-2026-03-17-a-12.57.40-18x12.png 18w\" sizes=\"(max-width: 1588px) 100vw, 1588px\" title=\"\">\t\t\t\t\t\t\t\t<\/a>\n\t\t\t\t\t\t\t\t\t\t\t\t\t\t\t<\/div>\n\t\t\t\t<\/div>\n\t\t<div data-particle_enable=\"false\" data-particle-mobile-disabled=\"false\" class=\"elementor-element elementor-element-728014c e-con-full e-flex e-con e-child\" data-id=\"728014c\" data-element_type=\"container\" data-e-type=\"container\">\n\t\t\t\t<div class=\"elementor-element elementor-element-8d02738 elementor-widget elementor-widget-text-editor\" data-id=\"8d02738\" data-element_type=\"widget\" data-e-type=\"widget\" data-widget_type=\"text-editor.default\">\n\t\t\t\t\t\t\t\t\t<p data-start=\"177\" data-end=\"464\"><b>C\u00e9line Gallay<\/b> est une juriste sp\u00e9cialis\u00e9e en protection des donn\u00e9es personnelles et en \u00e9thique du num\u00e9rique. Titulaire d\u2019un Master 2 en droit de l\u2019Universit\u00e9 Lyon II, elle est certifi\u00e9e par la CNIL et l\u2019IAPP, et a obtenu en 2025 une certification de Digital Ethics Officer \u00e0 l\u2019EDHEC.<\/p><p data-start=\"466\" data-end=\"749\">Apr\u00e8s plus de dix ans d\u2019exp\u00e9rience en tant que juriste d\u2019entreprise, elle a fond\u00e9 <b>Phenix Privacy<\/b>, un cabinet d\u00e9di\u00e9 \u00e0 la conformit\u00e9 RGPD et \u00e0 la gouvernance des donn\u00e9es. En tant que Directrice G\u00e9n\u00e9rale, elle y supervise les op\u00e9rations et veille \u00e0 la qualit\u00e9 des services propos\u00e9s.<\/p><p data-start=\"751\" data-end=\"942\">Son parcours s\u2019inscrit dans une expertise \u00e0 la crois\u00e9e du droit, de la conformit\u00e9 et de l\u2019\u00e9thique num\u00e9rique, avec une approche centr\u00e9e sur les enjeux actuels li\u00e9s \u00e0 la protection des donn\u00e9es.<\/p>\t\t\t\t\t\t\t\t<\/div>\n\t\t\t\t<\/div>\n\t\t\t\t\t<\/div>\n\t\t\t\t<\/div>\n\t\t<div data-particle_enable=\"false\" data-particle-mobile-disabled=\"false\" class=\"elementor-element elementor-element-afe7a77 e-flex e-con-boxed e-con e-parent\" data-id=\"afe7a77\" data-element_type=\"container\" data-e-type=\"container\" data-settings=\"{&quot;background_background&quot;:&quot;classic&quot;}\">\n\t\t\t\t\t<div class=\"e-con-inner\">\n\t\t<div data-particle_enable=\"false\" data-particle-mobile-disabled=\"false\" class=\"elementor-element elementor-element-79cd1cc e-con-full e-flex e-con e-child\" data-id=\"79cd1cc\" data-element_type=\"container\" data-e-type=\"container\">\n\t\t\t\t<div class=\"elementor-element elementor-element-0f3e08e elementor-widget elementor-widget-image\" data-id=\"0f3e08e\" data-element_type=\"widget\" data-e-type=\"widget\" data-widget_type=\"image.default\">\n\t\t\t\t\t\t\t\t\t\t\t\t\t\t\t\t<a href=\"https:\/\/afcdp.net\/\" target=\"_blank\" rel=\"noopener\">\n\t\t\t\t\t\t\t<img loading=\"lazy\" decoding=\"async\" width=\"1586\" height=\"982\" src=\"https:\/\/dpo-forum.eu\/wp-content\/uploads\/Capture-decran-2026-03-17-a-12.58.07.png\" class=\"attachment-large size-large wp-image-1828\" alt=\",\" srcset=\"https:\/\/dpo-forum.eu\/wp-content\/uploads\/Capture-decran-2026-03-17-a-12.58.07.png 1586w, https:\/\/dpo-forum.eu\/wp-content\/uploads\/Capture-decran-2026-03-17-a-12.58.07-768x476.png 768w, https:\/\/dpo-forum.eu\/wp-content\/uploads\/Capture-decran-2026-03-17-a-12.58.07-1536x951.png 1536w, https:\/\/dpo-forum.eu\/wp-content\/uploads\/Capture-decran-2026-03-17-a-12.58.07-18x12.png 18w\" sizes=\"(max-width: 1586px) 100vw, 1586px\" title=\"\">\t\t\t\t\t\t\t\t<\/a>\n\t\t\t\t\t\t\t\t\t\t\t\t\t\t\t<\/div>\n\t\t\t\t<\/div>\n\t\t<div data-particle_enable=\"false\" data-particle-mobile-disabled=\"false\" class=\"elementor-element elementor-element-8207931 e-con-full e-flex e-con e-child\" data-id=\"8207931\" data-element_type=\"container\" data-e-type=\"container\">\n\t\t\t\t<div class=\"elementor-element elementor-element-c067d44 elementor-widget elementor-widget-text-editor\" data-id=\"c067d44\" data-element_type=\"widget\" data-e-type=\"widget\" data-widget_type=\"text-editor.default\">\n\t\t\t\t\t\t\t\t\t<div class=\"flex flex-col text-sm pb-25\"><article class=\"text-token-text-primary w-full focus:outline-none [--shadow-height:45px] has-data-writing-block:pointer-events-none has-data-writing-block:-mt-(--shadow-height) has-data-writing-block:pt-(--shadow-height) [&amp;:has([data-writing-block])&gt;*]:pointer-events-auto scroll-mt-[calc(var(--header-height)+min(200px,max(70px,20svh)))]\" dir=\"auto\" tabindex=\"-1\" data-turn-id=\"request-WEB:911f7f17-aa23-4b10-80a6-e5ba98c7387e-0\" data-testid=\"conversation-turn-2\" data-scroll-anchor=\"true\" data-turn=\"assistant\"><div class=\"text-base my-auto mx-auto pb-10 [--thread-content-margin:var(--thread-content-margin-xs,calc(var(--spacing)*4))] @w-sm\/main:[--thread-content-margin:var(--thread-content-margin-sm,calc(var(--spacing)*6))] @w-lg\/main:[--thread-content-margin:var(--thread-content-margin-lg,calc(var(--spacing)*16))] px-(--thread-content-margin)\"><div class=\"[--thread-content-max-width:40rem] @w-lg\/main:[--thread-content-max-width:48rem] mx-auto max-w-(--thread-content-max-width) flex-1 group\/turn-messages focus-visible:outline-hidden relative flex w-full min-w-0 flex-col agent-turn\" tabindex=\"-1\"><div class=\"flex max-w-full flex-col gap-4 grow\"><div class=\"min-h-8 text-message relative flex w-full flex-col items-end gap-2 text-start break-words whitespace-normal [.text-message+&amp;]:mt-1\" dir=\"auto\" data-message-author-role=\"assistant\" data-message-id=\"180f008e-80c8-4252-87a9-9a5e56f6a895\" data-message-model-slug=\"gpt-5-3\"><div class=\"flex w-full flex-col gap-1 empty:hidden\"><div class=\"markdown prose dark:prose-invert w-full wrap-break-word light markdown-new-styling\"><p data-start=\"0\" data-end=\"542\" data-is-last-node=\"\" data-is-only-node=\"\"><strong>Natacha Bialek-Djeghdali<\/strong> est avocate associ\u00e9e au sein du cabinet implid Avocats, o\u00f9 elle dirige le p\u00f4le IT-IP, d\u00e9di\u00e9 au droit du num\u00e9rique. Lors de ce DPO Forum elle repr\u00e9sentera <strong>l&rsquo;AFCDP<\/strong>.<\/p><p data-start=\"0\" data-end=\"542\" data-is-last-node=\"\" data-is-only-node=\"\">Sp\u00e9cialis\u00e9e en droit des donn\u00e9es personnelles, en droit informatique, en droit du num\u00e9rique et en propri\u00e9t\u00e9 intellectuelle, elle accompagne les organisations sur les enjeux juridiques li\u00e9s aux technologies et \u00e0 l\u2019exploitation des donn\u00e9es.<\/p><p data-start=\"0\" data-end=\"542\" data-is-last-node=\"\" data-is-only-node=\"\">Elle exerce \u00e9galement les fonctions de D\u00e9l\u00e9gu\u00e9e \u00e0 la protection des donn\u00e9es (DPO), renfor\u00e7ant son expertise en mati\u00e8re de conformit\u00e9 et de gouvernance des donn\u00e9es.<\/p><\/div><\/div><\/div><\/div><\/div><\/div><\/article><\/div>\t\t\t\t\t\t\t\t<\/div>\n\t\t\t\t<\/div>\n\t\t\t\t\t<\/div>\n\t\t\t\t<\/div>\n\t\t<div data-particle_enable=\"false\" data-particle-mobile-disabled=\"false\" class=\"elementor-element elementor-element-f215774 e-flex e-con-boxed e-con e-parent\" data-id=\"f215774\" data-element_type=\"container\" data-e-type=\"container\" data-settings=\"{&quot;background_background&quot;:&quot;classic&quot;}\">\n\t\t\t\t\t<div class=\"e-con-inner\">\n\t\t<div data-particle_enable=\"false\" data-particle-mobile-disabled=\"false\" class=\"elementor-element elementor-element-a2d0954 e-con-full e-flex e-con e-child\" data-id=\"a2d0954\" data-element_type=\"container\" data-e-type=\"container\">\n\t\t\t\t<div class=\"elementor-element elementor-element-db588aa elementor-widget elementor-widget-image\" data-id=\"db588aa\" data-element_type=\"widget\" data-e-type=\"widget\" data-widget_type=\"image.default\">\n\t\t\t\t\t\t\t\t\t\t\t\t\t\t\t\t<a href=\"https:\/\/www.eqs.com\/\" target=\"_blank\" rel=\"noopener\">\n\t\t\t\t\t\t\t<img loading=\"lazy\" decoding=\"async\" width=\"1592\" height=\"990\" src=\"https:\/\/dpo-forum.eu\/wp-content\/uploads\/Capture-decran-2026-03-17-a-12.58.39.png\" class=\"attachment-large size-large wp-image-1829\" alt=\",\" srcset=\"https:\/\/dpo-forum.eu\/wp-content\/uploads\/Capture-decran-2026-03-17-a-12.58.39.png 1592w, https:\/\/dpo-forum.eu\/wp-content\/uploads\/Capture-decran-2026-03-17-a-12.58.39-768x478.png 768w, https:\/\/dpo-forum.eu\/wp-content\/uploads\/Capture-decran-2026-03-17-a-12.58.39-1536x955.png 1536w, https:\/\/dpo-forum.eu\/wp-content\/uploads\/Capture-decran-2026-03-17-a-12.58.39-18x12.png 18w\" sizes=\"(max-width: 1592px) 100vw, 1592px\" title=\"\">\t\t\t\t\t\t\t\t<\/a>\n\t\t\t\t\t\t\t\t\t\t\t\t\t\t\t<\/div>\n\t\t\t\t<\/div>\n\t\t<div data-particle_enable=\"false\" data-particle-mobile-disabled=\"false\" class=\"elementor-element elementor-element-4d888ee e-con-full e-flex e-con e-child\" data-id=\"4d888ee\" data-element_type=\"container\" data-e-type=\"container\">\n\t\t\t\t<div class=\"elementor-element elementor-element-47445c9 elementor-widget elementor-widget-text-editor\" data-id=\"47445c9\" data-element_type=\"widget\" data-e-type=\"widget\" data-widget_type=\"text-editor.default\">\n\t\t\t\t\t\t\t\t\t<p><span data-contrast=\"none\"><strong>Valentin S\u00e9n\u00e9chal<\/strong> est un expert reconnu en protection des donn\u00e9es. Pendant sept ans, il a exerc\u00e9 en tant que D\u00e9l\u00e9gu\u00e9 \u00e0 la Protection des Donn\u00e9es (DPO) pour un op\u00e9rateur public de services num\u00e9riques, o\u00f9 il a con\u00e7u et d\u00e9ploy\u00e9 un service externalis\u00e9 de DPO. Ce dispositif a permis d\u2019accompagner plus de 1 900 structures publiques &#8211; des petites communes aux grandes agglom\u00e9rations, en passant par des \u00e9tablissements m\u00e9dico-sociaux et des centres de sant\u00e9.<\/span><span data-ccp-props=\"{&quot;134233117&quot;:true,&quot;134233118&quot;:true}\">\u00a0<\/span><\/p><p><span data-contrast=\"none\">Aujourd\u2019hui Privacy Consultant chez <strong>EQS Group<\/strong>, Valentin met son expertise au service d\u2019une conformit\u00e9 pragmatique et structur\u00e9e. Il s\u2019attache \u00e0 produire une documentation compl\u00e8te, pens\u00e9e pour offrir \u00e0 ses clients agilit\u00e9 et r\u00e9activit\u00e9. Son approche proactive vise \u00e0 outiller les responsables de traitement avec des processus adapt\u00e9s \u00e0 leurs r\u00e9alit\u00e9s terrain.<\/span><\/p>\t\t\t\t\t\t\t\t<\/div>\n\t\t\t\t<\/div>\n\t\t\t\t\t<\/div>\n\t\t\t\t<\/div>\n\t\t<div data-particle_enable=\"false\" data-particle-mobile-disabled=\"false\" class=\"elementor-element elementor-element-0b4c28f e-flex e-con-boxed e-con e-parent\" data-id=\"0b4c28f\" data-element_type=\"container\" data-e-type=\"container\" data-settings=\"{&quot;background_background&quot;:&quot;classic&quot;}\">\n\t\t\t\t\t<div class=\"e-con-inner\">\n\t\t<div data-particle_enable=\"false\" data-particle-mobile-disabled=\"false\" class=\"elementor-element elementor-element-697b8ae e-con-full e-flex e-con e-child\" data-id=\"697b8ae\" data-element_type=\"container\" data-e-type=\"container\">\n\t\t\t\t<div class=\"elementor-element elementor-element-fd9e5e1 elementor-widget elementor-widget-image\" data-id=\"fd9e5e1\" data-element_type=\"widget\" data-e-type=\"widget\" data-widget_type=\"image.default\">\n\t\t\t\t\t\t\t\t\t\t\t\t\t\t\t\t<a href=\"https:\/\/www.linkedin.com\/in\/anisse-chagraoui-973310185\/\" target=\"_blank\" rel=\"noopener\">\n\t\t\t\t\t\t\t<img loading=\"lazy\" decoding=\"async\" width=\"1586\" height=\"984\" src=\"https:\/\/dpo-forum.eu\/wp-content\/uploads\/Capture-decran-2026-03-17-a-13.03.55.png\" class=\"attachment-large size-large wp-image-1833\" alt=\",\" srcset=\"https:\/\/dpo-forum.eu\/wp-content\/uploads\/Capture-decran-2026-03-17-a-13.03.55.png 1586w, https:\/\/dpo-forum.eu\/wp-content\/uploads\/Capture-decran-2026-03-17-a-13.03.55-768x476.png 768w, https:\/\/dpo-forum.eu\/wp-content\/uploads\/Capture-decran-2026-03-17-a-13.03.55-1536x953.png 1536w, https:\/\/dpo-forum.eu\/wp-content\/uploads\/Capture-decran-2026-03-17-a-13.03.55-18x12.png 18w\" sizes=\"(max-width: 1586px) 100vw, 1586px\" title=\"\">\t\t\t\t\t\t\t\t<\/a>\n\t\t\t\t\t\t\t\t\t\t\t\t\t\t\t<\/div>\n\t\t\t\t<\/div>\n\t\t<div data-particle_enable=\"false\" data-particle-mobile-disabled=\"false\" class=\"elementor-element elementor-element-06359f7 e-con-full e-flex e-con e-child\" data-id=\"06359f7\" data-element_type=\"container\" data-e-type=\"container\">\n\t\t\t\t<div class=\"elementor-element elementor-element-7d78197 elementor-widget elementor-widget-text-editor\" data-id=\"7d78197\" data-element_type=\"widget\" data-e-type=\"widget\" data-widget_type=\"text-editor.default\">\n\t\t\t\t\t\t\t\t\t<p data-start=\"177\" data-end=\"464\"><span class=\"TextRun SCXW250322898 BCX0\" lang=\"FR-FR\" xml:lang=\"FR-FR\" data-contrast=\"none\"><strong><span class=\"NormalTextRun SpellingErrorV2Themed SpellingErrorHighlight SCXW250322898 BCX0\">Anisse<\/span><span class=\"NormalTextRun SCXW250322898 BCX0\">\u00a0<\/span><span class=\"NormalTextRun SpellingErrorV2Themed SCXW250322898 BCX0\">Chagraoui<\/span><\/strong><span class=\"NormalTextRun SCXW250322898 BCX0\"><strong>\u00a0<\/strong>est juriste sp\u00e9cialis\u00e9 en droit du num\u00e9rique et DPO. Il est \u00e9galement chercheur universitaire en droit des donn\u00e9es et IA en sant\u00e9 \u00e0 l&rsquo;Universit\u00e9 Paris-Dauphine PSL, il finalise une th\u00e8se intitul\u00e9e\u00a0<\/span><\/span><span class=\"TextRun SCXW250322898 BCX0\" lang=\"FR-FR\" xml:lang=\"FR-FR\" data-contrast=\"none\"><span class=\"NormalTextRun SCXW250322898 BCX0\">\u00ab Corps num\u00e9rique : essai sur un nouvel objet juridique \u00bb<\/span><\/span><span class=\"TextRun SCXW250322898 BCX0\" lang=\"FR-FR\" xml:lang=\"FR-FR\" data-contrast=\"none\"><span class=\"NormalTextRun SCXW250322898 BCX0\">, dont les travaux ont fait l&rsquo;objet d&rsquo;une publication dans la revue juridique\u00a0<\/span><\/span><span class=\"TextRun MacChromeBold SCXW250322898 BCX0\" lang=\"FR-FR\" xml:lang=\"FR-FR\" data-contrast=\"none\"><span class=\"NormalTextRun SpellingErrorV2Themed SCXW250322898 BCX0\">Third<\/span><\/span><span class=\"TextRun SCXW250322898 BCX0\" lang=\"FR-FR\" xml:lang=\"FR-FR\" data-contrast=\"none\"><span class=\"NormalTextRun SCXW250322898 BCX0\">\u00a0(<\/span><span class=\"NormalTextRun SpellingErrorV2Themed SCXW250322898 BCX0\">Parallel<\/span><span class=\"NormalTextRun SCXW250322898 BCX0\">\u00a0Avocats, novembre 2025). <\/span><\/span><\/p><p data-start=\"177\" data-end=\"464\"><span class=\"TextRun SCXW250322898 BCX0\" lang=\"FR-FR\" xml:lang=\"FR-FR\" data-contrast=\"none\"><span class=\"NormalTextRun SCXW250322898 BCX0\">Il a pr\u00e9sent\u00e9 ses recherches en mars 2025 au workshop scientifique international\u00a0<\/span><\/span><span class=\"TextRun MacChromeBold SCXW250322898 BCX0\" lang=\"FR-FR\" xml:lang=\"FR-FR\" data-contrast=\"none\"><span class=\"NormalTextRun SpellingErrorV2Themed SCXW250322898 BCX0\">InnovaHeart<\/span><span class=\"NormalTextRun SCXW250322898 BCX0\">\u00a0\u2013 Digital\u00a0<\/span><span class=\"NormalTextRun SpellingErrorV2Themed SCXW250322898 BCX0\">Twin<\/span><span class=\"NormalTextRun SCXW250322898 BCX0\">\u00a0of the\u00a0<\/span><span class=\"NormalTextRun SpellingErrorV2Themed SCXW250322898 BCX0\">Heart<\/span><\/span><span class=\"TextRun SCXW250322898 BCX0\" lang=\"FR-FR\" xml:lang=\"FR-FR\" data-contrast=\"none\"><span class=\"NormalTextRun SCXW250322898 BCX0\">\u00a0(Future4Care, Paris), aux c\u00f4t\u00e9s d&rsquo;Inria, Charit\u00e9 Berlin, Dassault Syst\u00e8mes et Boehringer-<\/span><span class=\"NormalTextRun SpellingErrorV2Themed SCXW250322898 BCX0\">Ingelheim<\/span><span class=\"NormalTextRun SCXW250322898 BCX0\">. Il est aussi fondateur du cabinet de conseil\u00a0<\/span><\/span><span class=\"TextRun MacChromeBold SCXW250322898 BCX0\" lang=\"FR-FR\" xml:lang=\"FR-FR\" data-contrast=\"none\"><span class=\"NormalTextRun SCXW250322898 BCX0\">Les DPO de la Sant\u00e9<\/span><\/span><span class=\"TextRun SCXW250322898 BCX0\" lang=\"FR-FR\" xml:lang=\"FR-FR\" data-contrast=\"none\"><span class=\"NormalTextRun SCXW250322898 BCX0\">\u00a0et de\u00a0<\/span><\/span><span class=\"TextRun MacChromeBold SCXW250322898 BCX0\" lang=\"FR-FR\" xml:lang=\"FR-FR\" data-contrast=\"none\"><span class=\"NormalTextRun SCXW250322898 BCX0\">NELSE<\/span><\/span><span class=\"TextRun SCXW250322898 BCX0\" lang=\"FR-FR\" xml:lang=\"FR-FR\" data-contrast=\"none\"><span class=\"NormalTextRun SCXW250322898 BCX0\">,\u00a0<\/span><span class=\"NormalTextRun SpellingErrorV2Themed SCXW250322898 BCX0\">deeptech<\/span><span class=\"NormalTextRun SCXW250322898 BCX0\"> fran\u00e7aise labellis\u00e9e par la BPI, sp\u00e9cialis\u00e9e dans la s\u00e9curisation juridique et r\u00e9glementaire des usages du num\u00e9rique en sant\u00e9.<\/span><\/span><\/p>\t\t\t\t\t\t\t\t<\/div>\n\t\t\t\t<\/div>\n\t\t\t\t\t<\/div>\n\t\t\t\t<\/div>\n\t\t<div data-particle_enable=\"false\" data-particle-mobile-disabled=\"false\" class=\"elementor-element elementor-element-702d7ed e-flex e-con-boxed e-con e-parent\" data-id=\"702d7ed\" data-element_type=\"container\" data-e-type=\"container\" data-settings=\"{&quot;background_background&quot;:&quot;classic&quot;}\">\n\t\t\t\t\t<div class=\"e-con-inner\">\n\t\t\t\t\t<\/div>\n\t\t\t\t<\/div>\n\t\t\t\t<\/div>\n\t\t","protected":false},"excerpt":{"rendered":"<p>Programme DPO Forum Lyon &#8211; 26 mars 2026 Th\u00e8mes explor\u00e9s lors des conf\u00e9rences \u2022 L\u2019IA et la conformit\u00e9 RGPD, avec un focus sur l\u2019AI Act, l\u2019automatisation et la gouvernance des mod\u00e8les ;&nbsp; \u2022 La directive NIS2 et les enjeux de r\u00e9silience cyber, incluant obligations, supervision et articulation DPO\u2013RSSI ;&nbsp; \u2022 La protection des donn\u00e9es dans [&hellip;]<\/p>\n","protected":false},"author":1,"featured_media":0,"parent":0,"menu_order":0,"comment_status":"closed","ping_status":"closed","template":"","meta":{"footnotes":""},"class_list":["post-1038","page","type-page","status-publish","hentry"],"_links":{"self":[{"href":"https:\/\/dpo-forum.eu\/nl\/wp-json\/wp\/v2\/pages\/1038","targetHints":{"allow":["GET"]}}],"collection":[{"href":"https:\/\/dpo-forum.eu\/nl\/wp-json\/wp\/v2\/pages"}],"about":[{"href":"https:\/\/dpo-forum.eu\/nl\/wp-json\/wp\/v2\/types\/page"}],"author":[{"embeddable":true,"href":"https:\/\/dpo-forum.eu\/nl\/wp-json\/wp\/v2\/users\/1"}],"replies":[{"embeddable":true,"href":"https:\/\/dpo-forum.eu\/nl\/wp-json\/wp\/v2\/comments?post=1038"}],"version-history":[{"count":139,"href":"https:\/\/dpo-forum.eu\/nl\/wp-json\/wp\/v2\/pages\/1038\/revisions"}],"predecessor-version":[{"id":1918,"href":"https:\/\/dpo-forum.eu\/nl\/wp-json\/wp\/v2\/pages\/1038\/revisions\/1918"}],"wp:attachment":[{"href":"https:\/\/dpo-forum.eu\/nl\/wp-json\/wp\/v2\/media?parent=1038"}],"curies":[{"name":"wp","href":"https:\/\/api.w.org\/{rel}","templated":true}]}}